{"id":743,"date":"2025-07-10T11:07:07","date_gmt":"2025-07-10T09:07:07","guid":{"rendered":"https:\/\/corona1.eu\/de\/?page_id=743"},"modified":"2025-07-10T11:10:43","modified_gmt":"2025-07-10T09:10:43","slug":"faq","status":"publish","type":"page","link":"https:\/\/corona1.eu\/de\/faq\/","title":{"rendered":"FAQ"},"content":{"rendered":"\n\n<h2 class=\"wp-block-heading has-text-align-center\">H\u00e4ufig gestellte Fragen<\/h2>\n\n\n\n<div class=\"wp-block-image\">\n\n<figure class=\"aligncenter size-large is-resized\"><img decoding=\"async\" src=\"https:\/\/corona1.eu\/wp-content\/uploads\/2022\/09\/2399691-1024x610.png\" alt=\"\" style=\"width:256px;height:153px\"\/><\/figure>\n<\/div>\n\n\n\n\n<h3 class=\"wp-block-heading has-text-color\" style=\"color:#e79400\">Sicherheitsschilder<\/h3>\n\n\n\n\n\n<div style=\"height:30px\" aria-hidden=\"true\" class=\"wp-block-spacer\"><\/div>\n\n\n\n\n\n<div class=\"wp-block-columns is-layout-flex wp-container-core-columns-is-layout-9d6595d7 wp-block-columns-is-layout-flex\">\n\n<div class=\"wp-block-column is-layout-flow wp-block-column-is-layout-flow\">\n\n<div class=\"schema-faq wp-block-yoast-faq-block\"><div class=\"schema-faq-section\" id=\"faq-question-1662984964172\"><strong class=\"schema-faq-question\">Was ist eine Sicherheitsplatte?<\/strong> <p class=\"schema-faq-answer\">Eine Sicherheitsplatte ist eine Vorrichtung, die Anlagen, Apparate und verfahrenstechnische Einrichtungen vor \u00fcberm\u00e4\u00dfigem Druckanstieg oder -abfall sch\u00fctzt. Diese Vorrichtungen erf\u00fcllen eine \u00e4hnliche Funktion wie Sicherheitsventile.<\/p> <\/div> <div class=\"schema-faq-section\" id=\"faq-question-1662985021914\"><strong class=\"schema-faq-question\">Was ist eine Halterung?<\/strong> <p class=\"schema-faq-answer\">Ein Halter ist ein spezieller Befestigungsflansch f\u00fcr eine Sicherheitsplatte. Einige Plattentypen (f\u00fcr niedrige Dr\u00fccke) sind so konstruiert, dass sie direkt zwischen den Flanschen montiert werden k\u00f6nnen (ohne dass spezielle Halterungen erforderlich sind).<\/p> <\/div> <div class=\"schema-faq-section\" id=\"faq-question-1662985033229\"><strong class=\"schema-faq-question\">Was ist eine Sanit\u00e4rfliese?<\/strong> <p class=\"schema-faq-answer\">Hierbei handelt es sich um eine spezielle Gruppe von Platten, die f\u00fcr Anwendungen in der Pharma-, Lebensmittel- oder Biotech-Industrie bestimmt sind. Das perfekt glatte Design verhindert, dass sich Prozessmedien (RA-Elektropolish) auf der Fliese ablagern. Fike verwendet f\u00fcr Sanit\u00e4rfliesen auch eine spezielle, einzigartige und aseptische Verpackungsmethode.<\/p> <\/div> <div class=\"schema-faq-section\" id=\"faq-question-1662985048801\"><strong class=\"schema-faq-question\">Wie hoch ist der Berstdruck des Wafers?<\/strong> <p class=\"schema-faq-answer\">Der Berstdruck der Sicherheitswafer wird jedes Mal auf die besonderen Anforderungen der Anlage oder des Ger\u00e4ts zugeschnitten.<\/p> <\/div> <div class=\"schema-faq-section\" id=\"faq-question-1662985064176\"><strong class=\"schema-faq-question\">Was ist die Bersttoleranz des Sicherheitseinsatzes?<\/strong> <p class=\"schema-faq-answer\">Die Bersttoleranz definiert den Druckbereich, innerhalb dessen sich die Sicherheitsplatte \u00f6ffnet (z.B. \/- 5%, 10% vom angenommenen Nennberstdruck).<\/p> <\/div> <\/div>\n\n<\/div>\n\n\n\n\n\n<div class=\"wp-block-column is-layout-flow wp-block-column-is-layout-flow\">\n\n<div class=\"schema-faq wp-block-yoast-faq-block\"><div class=\"schema-faq-section\" id=\"faq-question-1662984968187\"><strong class=\"schema-faq-question\">Wer f\u00fchrt die Inspektion der Sicherheitsplatte in der Anlage durch?<\/strong> <p class=\"schema-faq-answer\">Regelm\u00e4\u00dfige (visuelle) Inspektionen k\u00f6nnen durch den Anlagenbetreiber oder den UDT-Aufsichtsf\u00fchrenden durchgef\u00fchrt werden.<\/p> <\/div> <div class=\"schema-faq-section\" id=\"faq-question-1662985096803\"><strong class=\"schema-faq-question\">Wie lange ist die Garantiezeit f\u00fcr Sicherheitsplatten?<\/strong> <p class=\"schema-faq-answer\">Das h\u00e4ngt vom Modell des Schildes ab. Die Garantiezeit betr\u00e4gt in der Regel zwischen 12 und 36 Monaten.<\/p> <\/div> <div class=\"schema-faq-section\" id=\"faq-question-1662985119699\"><strong class=\"schema-faq-question\">Sind die Sicherheitsplatten &#8222;von der Stange&#8220; (auf Lager) erh\u00e4ltlich?<\/strong> <p class=\"schema-faq-answer\">Das kommt darauf an. Die Sicherheitsplatine wird in der Regel auf individuelle Kundenbestellung gefertigt, entsprechend den Prozessparametern der jeweiligen Anlage. Die Standardlieferzeit betr\u00e4gt etwa 3-4 Wochen. Gegen einen Aufpreis (Option: HOT SHOT) ist es jedoch m\u00f6glich, diesen Prozess auf bis zu 2 Arbeitstage zu beschleunigen.<\/p> <\/div> <div class=\"schema-faq-section\" id=\"faq-question-1662985128574\"><strong class=\"schema-faq-question\">Welche Parameter sind f\u00fcr die Auswahl einer Sicherheitsplatine erforderlich?<\/strong> <p class=\"schema-faq-answer\">Um die Sicherheitsplatte richtig auszuw\u00e4hlen, m\u00fcssen folgende Angaben gemacht werden:<br\/>&#8211; Berstdruck<br\/>&#8211; Bersttemperatur (wenn nicht angegeben, ist sie standardm\u00e4\u00dfig auf 22\u00b0C eingestellt)<br\/>&#8211; Gr\u00f6\u00dfe der Sicherheitsplatte und Klasse des Befestigungsflansches der Platte<br\/>&#8211; Material, aus dem die Sicherheitsplatte hergestellt werden soll<br\/>&#8211; Anzahl der zu bestellenden St\u00fccke<\/p> <\/div> <div class=\"schema-faq-section\" id=\"faq-question-1662985330439\"><strong class=\"schema-faq-question\">Wie werden die Platten montiert?<\/strong> <p class=\"schema-faq-answer\">Eine Montage- und Betriebsanleitung ist immer im Paket mit den Platten enthalten. Auf unserem<a href=\"https:\/\/www.youtube.com\/watch?v=uyWr1oWLK6s\"> youtube-Kanal<\/a> k\u00f6nnen Sie eine Visualisierung der Montage der Sicherheitsplatte sehen<\/p> <\/div> <\/div>\n\n<\/div>\n\n<\/div>\n\n\n\n\n\n<h3 class=\"wp-block-heading has-text-color\" style=\"color:#e79400\">Wartung<\/h3>\n\n\n\n\n\n<div style=\"height:30px\" aria-hidden=\"true\" class=\"wp-block-spacer\"><\/div>\n\n\n\n\n\n<div class=\"wp-block-columns is-layout-flex wp-container-core-columns-is-layout-9d6595d7 wp-block-columns-is-layout-flex\">\n\n<div class=\"wp-block-column is-layout-flow wp-block-column-is-layout-flow\">\n\n<div class=\"schema-faq wp-block-yoast-faq-block\"><div class=\"schema-faq-section\" id=\"faq-question-1662985843297\"><strong class=\"schema-faq-question\">Sollte die Anlage f\u00fcr Wartungsarbeiten stillgelegt werden?<\/strong> <p class=\"schema-faq-answer\">Ja, alle Servicearbeiten werden bei stillgelegter Anlage durchgef\u00fchrt.<\/p> <\/div> <div class=\"schema-faq-section\" id=\"faq-question-1662985869449\"><strong class=\"schema-faq-question\">Wie lange ist die Wartezeit f\u00fcr den Service nach einer St\u00f6rung\/Aktivierung?<\/strong> <p class=\"schema-faq-answer\">Unser Service ist t\u00e4glich, 24 Stunden am Tag, im Einsatz. Wir sind stets bem\u00fcht, die Behebung von St\u00f6rungen und die Wiederherstellung der Anlage so schnell wie m\u00f6glich zu gew\u00e4hrleisten.<\/p> <\/div> <div class=\"schema-faq-section\" id=\"faq-question-1662985885966\"><strong class=\"schema-faq-question\">Wie lange ist die Wartezeit f\u00fcr eine geplante Wartung?<\/strong> <p class=\"schema-faq-answer\">Die Standardwartezeit f\u00fcr geplante Wartungsarbeiten liegt zwischen 72 und 120 Stunden. Die Zeit wird ab dem Zeitpunkt der Auftragserteilung berechnet. Wir versuchen jedoch immer, den f\u00fcr Sie g\u00fcnstigsten und schnellsten Termin zu vereinbaren. Je nach Art des abgeschlossenen Servicevertrags ist auch eine Reaktionszeit von bis zu 2 Stunden m\u00f6glich.<\/p> <\/div> <\/div>\n\n<\/div>\n\n\n\n\n\n<div class=\"wp-block-column is-layout-flow wp-block-column-is-layout-flow\">\n\n<div class=\"schema-faq wp-block-yoast-faq-block\"><div class=\"schema-faq-section\" id=\"faq-question-1662985845757\"><strong class=\"schema-faq-question\">Wie oft sollte die Wartung durchgef\u00fchrt werden?<\/strong> <p class=\"schema-faq-answer\">Der Hersteller empfiehlt die Wartung in Abh\u00e4ngigkeit von der Belastung und der Arbeitsumgebung. Gem\u00e4\u00df der Verordnung des Ministers f\u00fcr Entwicklung vom 6. Juni 2016 \u00fcber die Anforderungen an Ger\u00e4te und Schutzsysteme, die zur Verwendung in explosionsgef\u00e4hrdeten Bereichen bestimmt sind (GBl. Nr. 817), sollte die Wartung mindestens <strong>einmal pro Jahr<\/strong> erfolgen.<\/p> <\/div> <div class=\"schema-faq-section\" id=\"faq-question-1662985914411\"><strong class=\"schema-faq-question\">Was ist die Standardwartungsdauer?<\/strong> <p class=\"schema-faq-answer\">Das h\u00e4ngt ganz von der Gr\u00f6\u00dfe der Anlage ab. Bei gro\u00dfen Anlagen, bei denen die Ausfallzeit mehr als 5 Tage betragen kann, betr\u00e4gt die Wartungsdauer in der Regel etwa 4 Stunden.<\/p> <\/div> <\/div>\n\n<\/div>\n\n<\/div>\n\n\n\n\n\n<h3 class=\"wp-block-heading has-text-color\" style=\"color:#e79400\">Funkenerkennung und -l\u00f6schung<\/h3>\n\n\n\n\n\n<div style=\"height:30px\" aria-hidden=\"true\" class=\"wp-block-spacer\"><\/div>\n\n\n\n\n\n<div class=\"wp-block-columns is-layout-flex wp-container-core-columns-is-layout-9d6595d7 wp-block-columns-is-layout-flex\">\n\n<div class=\"wp-block-column is-layout-flow wp-block-column-is-layout-flow\">\n\n<div class=\"schema-faq wp-block-yoast-faq-block\"><div class=\"schema-faq-section\" id=\"faq-question-1662986166876\"><strong class=\"schema-faq-question\">Wie viel kostet ein Funkenerkennungssystem?<\/strong> <p class=\"schema-faq-answer\">Das h\u00e4ngt von der Gr\u00f6\u00dfe der Anlage ab. Der Preis wird nach einer gr\u00fcndlichen Analyse und der Einholung der daf\u00fcr erforderlichen Informationen (Gr\u00f6\u00dfe der betreffenden Anlage) ermittelt.<\/p> <\/div> <div class=\"schema-faq-section\" id=\"faq-question-1662986186772\"><strong class=\"schema-faq-question\">Wie lange ist die Garantiezeit f\u00fcr das Funkenerkennungssystem?<\/strong> <p class=\"schema-faq-answer\">Die Garantiezeit f\u00fcr das Funkenerkennungssystem betr\u00e4gt ab dem Zeitpunkt der Inbetriebnahme der Anlage 12 Monate oder l\u00e4nger.<\/p> <\/div> <div class=\"schema-faq-section\" id=\"faq-question-1662986199958\"><strong class=\"schema-faq-question\">Wie oft sollte das Meldesystem gewartet werden?<\/strong> <p class=\"schema-faq-answer\">Jedes Feuermeldesystem sollte mindestens einmal pro Jahr von einem autorisierten Dienstleister \u00fcberpr\u00fcft werden. Um die Leistung des Systems zu verbessern, sollte die Wartung jedoch am besten zweimal im Jahr erfolgen. Dies ist eine Einzelfallentscheidung des Benutzers und sollte unter Ber\u00fccksichtigung der Risiken f\u00fcr die Prozesslinie getroffen werden.<\/p> <\/div> <div class=\"schema-faq-section\" id=\"faq-question-1662986215296\"><strong class=\"schema-faq-question\">Wie hoch sind die Kosten f\u00fcr die Wartung?<\/strong> <p class=\"schema-faq-answer\">Der Preis f\u00fcr die Wartung wird individuell festgelegt und h\u00e4ngt von der Gr\u00f6\u00dfe der Anlage und dem Zugang zu ihren Komponenten ab.<\/p> <\/div> <div class=\"schema-faq-section\" id=\"faq-question-1662986227763\"><strong class=\"schema-faq-question\">Wird nach der Inbetriebnahme eine Schulung durchgef\u00fchrt?<\/strong> <p class=\"schema-faq-answer\">Ja. Nach der Installation des Systems erhalten die von Ihnen benannten Personen eine entsprechende Schulung.<\/p> <\/div> <\/div>\n\n<\/div>\n\n\n\n\n\n<div class=\"wp-block-column is-layout-flow wp-block-column-is-layout-flow\">\n\n<div class=\"schema-faq wp-block-yoast-faq-block\"><div class=\"schema-faq-section\" id=\"faq-question-1662986169763\"><strong class=\"schema-faq-question\">Wer sollte geschult werden?<\/strong> <p class=\"schema-faq-answer\">Vorzugsweise die Person, die f\u00fcr den Produktionsprozess verantwortlich ist: Manager, Vorarbeiter, Teamleiter oder ein anderer von Ihnen benannter Mitarbeiter.<\/p> <\/div> <div class=\"schema-faq-section\" id=\"faq-question-1662986313164\"><strong class=\"schema-faq-question\">Wo sollte sich die Systemzentrale befinden?<\/strong> <p class=\"schema-faq-answer\">Vorzugsweise an dem Ort, an dem sich der Bediener befindet. Auf diese Weise ist es m\u00f6glich, die Meldung am Bedienfeld schnell zu \u00fcberpr\u00fcfen.<\/p> <\/div> <div class=\"schema-faq-section\" id=\"faq-question-1662986328996\"><strong class=\"schema-faq-question\">M\u00fcssen die Funkenmelder vor Witterungseinfl\u00fcssen gesch\u00fctzt werden?<\/strong> <p class=\"schema-faq-answer\">Das ist nicht erforderlich. Die Sensoren werden an Rohrleitungen oder Sch\u00e4chten montiert und sind so konstruiert, dass sie bei allen Wetterbedingungen funktionieren.<\/p> <\/div> <div class=\"schema-faq-section\" id=\"faq-question-1662986346139\"><strong class=\"schema-faq-question\">Ist es m\u00f6glich, das System zu kontrollieren, ohne die Staubabsaugung abzuschalten?<\/strong> <p class=\"schema-faq-answer\">Nein, das ist nicht m\u00f6glich. Die Sensoren <strong>m\u00fcssen<\/strong> w\u00e4hrend der Inspektion <strong>ausgeschaltet werden<\/strong>. Wenn das Ger\u00e4t w\u00e4hrend der Inspektion aktiviert wird, kann es zu einem gef\u00e4hrlichen Zwischenfall kommen, und die Sicherheit des Personals, das die Inspektion durchf\u00fchrt, steht an erster Stelle. Die Gesundheits- und Sicherheitsvorschriften schlie\u00dfen die M\u00f6glichkeit, an einem eingeschalteten Ger\u00e4t zu arbeiten, kategorisch aus.<\/p> <\/div> <div class=\"schema-faq-section\" id=\"faq-question-1662986362180\"><strong class=\"schema-faq-question\">Sind wir in der Lage, schl\u00fcsselfertige Installationen durchzuf\u00fchren?<\/strong> <p class=\"schema-faq-answer\">Ja. Wenn Sie es w\u00fcnschen, \u00fcbernehmen unsere Ingenieure die volle Verantwortung f\u00fcr die komplette Realisierung aller Investitionsphasen &#8211; von der Planung \u00fcber die Herstellung der wichtigsten Systemkomponenten bis hin zur Installation und Inbetriebnahme der neuen Anlage. Das Angebot umfasst auch den After-Sales-Service.<\/p> <\/div> <\/div>\n\n<\/div>\n\n<\/div>\n\n\n\n\n\n<h3 class=\"wp-block-heading has-text-color\" style=\"color:#e79400\">Flammenlose Entlastung, Sicherheitsplatten<\/h3>\n\n\n\n\n\n<div style=\"height:30px\" aria-hidden=\"true\" class=\"wp-block-spacer\"><\/div>\n\n\n\n\n\n<div class=\"wp-block-columns is-layout-flex wp-container-core-columns-is-layout-9d6595d7 wp-block-columns-is-layout-flex\">\n\n<div class=\"wp-block-column is-layout-flow wp-block-column-is-layout-flow\">\n\n<div class=\"schema-faq wp-block-yoast-faq-block\"><div class=\"schema-faq-section\" id=\"faq-question-1662986784212\"><strong class=\"schema-faq-question\">Ist FlameQuench flammenlose Entlastung ein Einwegprodukt?<\/strong> <p class=\"schema-faq-answer\">Nein. Die Platte des Ger\u00e4ts ist ein Einwegprodukt; je nach Explosion kann jedoch das D\u00e4mpfungsnetz im Unterbrecher ausgetauscht werden.<\/p> <\/div> <div class=\"schema-faq-section\" id=\"faq-question-1662986804256\"><strong class=\"schema-faq-question\">Wie lange kann das System installiert werden, wenn es keine Explosion gibt?<\/strong> <p class=\"schema-faq-answer\">Es gibt keine zeitliche Begrenzung oder ein Verfallsdatum. Die Notwendigkeit eines Austauschs kann nur durch eine starke und h\u00e4ufige Einwirkung von Wetter- oder Prozessfaktoren verursacht werden. Es ist gute Praxis, die grundlegenden Komponenten nach 10 Betriebsjahren zu \u00fcberpr\u00fcfen und zu ersetzen.<\/p> <\/div> <div class=\"schema-faq-section\" id=\"faq-question-1662986817607\"><strong class=\"schema-faq-question\">Wie oft sollte die Ausr\u00fcstung \u00fcberpr\u00fcft werden und wie viel kostet eine solche \u00dcberpr\u00fcfung?<\/strong> <p class=\"schema-faq-answer\">Gem\u00e4\u00df der Verordnung des Entwicklungsministers vom 6. Juni 2016 \u00fcber die Anforderungen an Ger\u00e4te und Schutzsysteme, die zur Verwendung in explosionsgef\u00e4hrdeten Bereichen bestimmt sind (GBl. Nr. 817), sollte eine Inspektion mindestens einmal pro Jahr stattfinden. Die Kosten f\u00fcr eine solche Inspektion h\u00e4ngen von ihrem Umfang ab. Bitte kontaktieren Sie unsere Spezialisten, um die Details zu besprechen.<\/p> <\/div> <div class=\"schema-faq-section\" id=\"faq-question-1662986831283\"><strong class=\"schema-faq-question\">Ist es m\u00f6glich, das HRD-System durch ein passives Schutzsystem zu ersetzen, so dass die L\u00f6sung \u00fcber einen Zeitraum von z. B. 10 Jahren kosteng\u00fcnstiger ist?<\/strong> <p class=\"schema-faq-answer\">Das h\u00e4ngt ganz von der Anlage ab. In einigen F\u00e4llen ist dies vielleicht keine Option. Es h\u00e4ngt davon ab, ob dies bei der betreffenden Technologie m\u00f6glich ist. Um dies zu \u00fcberpr\u00fcfen, wenden Sie sich bitte an unsere Fachleute, die die bestm\u00f6gliche L\u00f6sung f\u00fcr Sie ausw\u00e4hlen werden.<\/p> <\/div> <div class=\"schema-faq-section\" id=\"faq-question-1662986845666\"><strong class=\"schema-faq-question\">Welche technischen Daten sollten zur Verf\u00fcgung gestellt werden, damit ein Angebot f\u00fcr den Explosionsschutz erstellt werden kann?<\/strong> <p class=\"schema-faq-answer\">Um ein Angebot erstellen zu k\u00f6nnen, ben\u00f6tigen wir zun\u00e4chst Informationen \u00fcber das zu sch\u00fctzende Ger\u00e4t, d. h. eine technische Zeichnung, ein Verfahrensschema, eine Beschreibung des technologischen Prozesses. Dar\u00fcber hinaus sind Angaben zur Festigkeit des Ger\u00e4ts erforderlich &#8211; der Pred-Parameter (reduzierter Druck). Wir ben\u00f6tigen auch Informationen \u00fcber die Art des Staubes in der Anlage, seine Art, die Parameter Kst (Explosionsindex) und Pmax (maximaler Explosionsdruck).<\/p> <\/div> <div class=\"schema-faq-section\" id=\"faq-question-1662986859417\"><strong class=\"schema-faq-question\">Ist die Sicherheitsplatte eine wiederverwendbare Vorrichtung?<\/strong> <p class=\"schema-faq-answer\">Nein, die Sicherheitsplatte ist keine wiederverwendbare Vorrichtung. Darauf weist schon der Name &#8222;Unterhaltungsplatte&#8220; hin. Jedes Mal, wenn die Platte ge\u00f6ffnet wird, muss sie also durch eine neue ersetzt werden.<\/p> <\/div> <div class=\"schema-faq-section\" id=\"faq-question-1662986873445\"><strong class=\"schema-faq-question\">Haben Sie Sicherheitsplatten auf Lager?<\/strong> <p class=\"schema-faq-answer\">Standardm\u00e4\u00dfig unterteilen wir die Sicherheitsplatten in solche, die auf individuelle Kundenbestellung gefertigt werden, und Standardplatten (ab Lager erh\u00e4ltlich). Aufgrund der vielen Industrieanlagen, die wir in Polen und den Nachbarl\u00e4ndern betreuen, haben wir einen Teil der Sicherheitsplatten in unserem internen Lager vorr\u00e4tig, so dass sie ab Lager lieferbar sind.<\/p> <\/div> <div class=\"schema-faq-section\" id=\"faq-question-1662986887341\"><strong class=\"schema-faq-question\">Reicht es aus, meine Anlage nur mit einer Sicherheitsplatte zu sch\u00fctzen?<\/strong> <p class=\"schema-faq-answer\">Um die vollst\u00e4ndige Sicherheit der Anlage zu gew\u00e4hrleisten, sollte das Ger\u00e4t mit einem flammenlosen System gesch\u00fctzt werden, z. B. einer FlamQuench-Flammensperre, einem aktiven Explosionsunterdr\u00fcckungssystem (HRD-Zylinder) oder durch die Schaffung eines Dekompressionskanals, der es dem entstehenden Feuerball erm\u00f6glicht, in die Atmosph\u00e4re zu entweichen.<\/p> <\/div> <\/div>\n\n<\/div>\n\n\n\n\n\n<div class=\"wp-block-column is-layout-flow wp-block-column-is-layout-flow\">\n\n<div class=\"schema-faq wp-block-yoast-faq-block\"><div class=\"schema-faq-section\" id=\"faq-question-1662986786755\"><strong class=\"schema-faq-question\">Welches Zubeh\u00f6r gibt es f\u00fcr die Nachr\u00fcstung von Sicherheitsplatten?<\/strong> <p class=\"schema-faq-answer\">Die Firma Fike, mit der wir seit vielen Jahren zusammenarbeiten, verf\u00fcgt \u00fcber zahlreiche zus\u00e4tzliche Komponenten, mit denen Sicherheitsplatten ausgestattet werden k\u00f6nnen. Dazu geh\u00f6ren zum Beispiel ein Berstsensor, Dichtungen, eine EX-Cover Wetterschutzhaube oder ein ArmaFlex Hitzeschild. Die vollst\u00e4ndige Produktpalette finden Sie auf unserer Website.<\/p> <\/div> <div class=\"schema-faq-section\" id=\"faq-question-1662986921400\"><strong class=\"schema-faq-question\">Wie lange ist die durchschnittliche Wartezeit f\u00fcr eine bestellte Sicherheitsplatte?<\/strong> <p class=\"schema-faq-answer\">Die Wartezeit h\u00e4ngt von der Anzahl der bestellten Platten und deren Typ ab. Die \u00fcbliche Vorlaufzeit betr\u00e4gt 5 bis 10 Arbeitstage. Einige Platten sind sofort ab unserem Lager in Polen lieferbar.<\/p> <\/div> <div class=\"schema-faq-section\" id=\"faq-question-1662986935858\"><strong class=\"schema-faq-question\">Ich habe einen Filter an meinem Arbeitsplatz, der vom Hersteller mit einer Sicherheitsplatte versehen wurde. Kann ich das Ger\u00e4t als v\u00f6llig sicher betrachten?<\/strong> <p class=\"schema-faq-answer\">Leider nicht. Zus\u00e4tzlich zur Gew\u00e4hrleistung der Explosionsentlastung durch die Sicherheitsplatte muss das Ger\u00e4t auch mit einem Explosionsentkopplungssystem ausgestattet sein (das die Ausbreitung der Explosion auf andere Anlagenteile verhindert). Diesem Zweck dienen u.a. Valvex-R\u00fcckschlagventile, FAV-Schnellschlussventile oder die aktive Explosionsentkopplung mittels SRD-Zylinder.<\/p> <\/div> <div class=\"schema-faq-section\" id=\"faq-question-1662986953650\"><strong class=\"schema-faq-question\">Ich habe viele Becherwerke in meiner Anlage. Gibt es eine einfache und kosteng\u00fcnstige M\u00f6glichkeit, diese zu sch\u00fctzen?<\/strong> <p class=\"schema-faq-answer\">Wir bieten spezielle EleGuard Sicherheitsplatten f\u00fcr Becherwerke an. Sie sind eine einfach zu installierende und kosteng\u00fcnstige M\u00f6glichkeit, Ihre Becherwerke zu sichern. Bitte kontaktieren Sie unsere Spezialisten, um die Details zu besprechen.<\/p> <\/div> <div class=\"schema-faq-section\" id=\"faq-question-1662986967823\"><strong class=\"schema-faq-question\">Ich habe ein Ger\u00e4t in meiner Anlage, das durch Aluminiumbleche gesch\u00fctzt ist, ist das akzeptabel?<\/strong> <p class=\"schema-faq-answer\">Nein, auf keinen Fall. Aufgrund der aktuellen Gesetzgebung muss jedes Ger\u00e4t, das als Explosionsschutz dient, \u00fcber ein entsprechendes ATEX-Zertifikat verf\u00fcgen.<\/p> <\/div> <div class=\"schema-faq-section\" id=\"faq-question-1662986980048\"><strong class=\"schema-faq-question\">Ich habe bereits eine Sicherheitsplatte, m\u00f6chte sie aber z. B. mit einem Berstsensor nachr\u00fcsten. Ist es m\u00f6glich, die Platte nachzur\u00fcsten, ohne sie auszutauschen?<\/strong> <p class=\"schema-faq-answer\">Ja, nat\u00fcrlich. Es ist kein Austausch erforderlich. Jede Platte, die Sie kaufen, kann z. B. mit einem Berstsensor oder einer Wetterschutzhaube nachger\u00fcstet werden.<\/p> <\/div> <div class=\"schema-faq-section\" id=\"faq-question-1662986993373\"><strong class=\"schema-faq-question\">Aus wie vielen Schichten besteht die Sicherheitsplatte?<\/strong> <p class=\"schema-faq-answer\">Im Gegensatz zu den Sicherheitsplatten der Wettbewerber ist jede Fike-Sicherheitsplatte eine Verbundplatte, d. h. sie besteht aus 3 Schichten: Edelstahl &#8211; Teflondichtung &#8211; Edelstahl. Diese Art von L\u00f6sung hat einen erheblichen Einfluss auf die Lebensdauer und Haltbarkeit des gekauften Ger\u00e4ts.<\/p> <\/div> <\/div>\n\n<\/div>\n\n<\/div>\n\n\n\n\n\n<h3 class=\"wp-block-heading has-text-color\" style=\"color:#e79400\">Detektoren, Ventile, Transformatorschutzschalter<\/h3>\n\n\n\n\n\n<div style=\"height:30px\" aria-hidden=\"true\" class=\"wp-block-spacer\"><\/div>\n\n\n\n\n\n<div class=\"wp-block-columns is-layout-flex wp-container-core-columns-is-layout-9d6595d7 wp-block-columns-is-layout-flex\">\n\n<div class=\"wp-block-column is-layout-flow wp-block-column-is-layout-flow\">\n\n<div class=\"schema-faq wp-block-yoast-faq-block\"><div class=\"schema-faq-section\" id=\"faq-question-1662987081157\"><strong class=\"schema-faq-question\">Wie lange ist die Garantiezeit f\u00fcr Spectrex 40\/40-Brandmelder?<\/strong> <p class=\"schema-faq-answer\">Die Spectrex 40\/40-Brandmelder haben eine Garantie von 5 Jahren.<\/p> <\/div> <div class=\"schema-faq-section\" id=\"faq-question-1662987093469\"><strong class=\"schema-faq-question\">K\u00f6nnen die Spectrex Quasar-Gasdetektoren zur Erkennung von Ammoniak verwendet werden?<\/strong> <p class=\"schema-faq-answer\">Die Spectrex SafEye Quasar 960-Gasdetektoren mit offenem Strahlengang, die Gase in Entfernungen von bis zu 80 m erkennen, k\u00f6nnen individuell auf Ihre Anforderungen zugeschnitten werden, um das Leben und die Gesundheit Ihrer Mitarbeiter bestm\u00f6glich zu sch\u00fctzen und die Langlebigkeit Ihrer Hochrisikoanlage zu gew\u00e4hrleisten. Die Zuverl\u00e4ssigkeit dieses Systems wird durch die SIL 2-Zertifizierung gew\u00e4hrleistet.<\/p> <\/div> <div class=\"schema-faq-section\" id=\"faq-question-1662987106420\"><strong class=\"schema-faq-question\">K\u00f6nnen Spectrex Quasar-Gasdetektoren zur Erkennung von Ammoniak verwendet werden?<\/strong> <p class=\"schema-faq-answer\">Da die Sicherheit der Anlage vom Brandmelder abh\u00e4ngt, ist es wichtig, dass der Melder entsprechend ausgew\u00e4hlt wird. Es gibt verschiedene Arten von Detektoren &#8211; solche, die im IR-, UV- und UV\/IR-Spektrum &#8222;sehen&#8220;. Verschiedene Medien zeigen w\u00e4hrend eines Brandes unterschiedliche spektrale Aktivit\u00e4t. Ein richtig ausgew\u00e4hlter Melder wird also die Sicherheit in Ihren Einrichtungen wirksam gew\u00e4hrleisten.<\/p> <\/div> <div class=\"schema-faq-section\" id=\"faq-question-1662987118637\"><strong class=\"schema-faq-question\">K\u00f6nnen Gasdetektoren mit offenem Strahlengang Punktdetektoren ersetzen?<\/strong> <p class=\"schema-faq-answer\">Ja, nat\u00fcrlich. Ein Paar Gasdetektoren mit offenem Pfad kann bis zu Dutzende von Punktdetektoren ersetzen.<\/p> <\/div> <\/div>\n\n<\/div>\n\n\n\n\n\n<div class=\"wp-block-column is-layout-flow wp-block-column-is-layout-flow\">\n\n<div class=\"schema-faq wp-block-yoast-faq-block\"><div class=\"schema-faq-section\" id=\"faq-question-1662987082588\"><strong class=\"schema-faq-question\">Warum ist es so wichtig, bei der Auswahl von Sicherheitsventilen alle erforderlichen Parameter zu kennen?<\/strong> <p class=\"schema-faq-answer\">Das Sicherheitsventil ist die letzte Rettungsleine f\u00fcr eine Industrieanlage. Wenn alle anderen Sicherheitseinrichtungen versagen, besteht die einzige Rettung darin, den Druck au\u00dferhalb der Anlage abzulassen. Damit die Sicherheitsventile in einem solchen Fall so wirksam wie m\u00f6glich sind, m\u00fcssen sie richtig ausgew\u00e4hlt werden. Und das ist m\u00f6glich, wenn alle erforderlichen Parameter bekannt sind.<\/p> <\/div> <div class=\"schema-faq-section\" id=\"faq-question-1662987147666\"><strong class=\"schema-faq-question\">Sch\u00fctzt die Sergi-Transformer-Protector-L\u00f6sung den Transformator nur vor einer Explosion oder auch bei einem Brand?<\/strong> <p class=\"schema-faq-answer\">Das System Tranformer Protector erm\u00f6glicht es, den Transformator nicht nur im Falle einer Explosion, sondern auch im Falle eines Brandes zu sch\u00fctzen. Sobald der Transformator zu brennen beginnt, wird der Rumpf mit Stickstoff gek\u00fchlt. Das macht die Brandbek\u00e4mpfung extrem effektiv und schnell.<\/p> <\/div> <div class=\"schema-faq-section\" id=\"faq-question-1662987160295\"><strong class=\"schema-faq-question\">Wurde das Transformer-Protector-System getestet?<\/strong> <p class=\"schema-faq-answer\">Es wurden 62 Tests durchgef\u00fchrt, um die Wirksamkeit des TP nachzuweisen. Dabei hat sich gezeigt, dass der TP die H\u00fclle des Transformators jedes Mal sch\u00fctzte, ohne dass es zu dauerhaften Verformungen kam.<\/p> <\/div> <div class=\"schema-faq-section\" id=\"faq-question-1662987172535\"><strong class=\"schema-faq-question\">Ist das Transformer-Protector-System NFPA-konform?<\/strong> <p class=\"schema-faq-answer\">Ja, das TRANSFORMER PROTECTOR-System entspricht dem Code der American Fire Protection Association &#8211; National Fire Association (NFA), NFPA 850.<\/p> <\/div> <\/div>\n\n<\/div>\n\n<\/div>\n\n\n\n\n\n<h3 class=\"wp-block-heading has-text-color\" style=\"color:#e79400\">\u00dcber CORONA Dienstleistung<\/h3>\n\n\n\n\n\n<div style=\"height:30px\" aria-hidden=\"true\" class=\"wp-block-spacer\"><\/div>\n\n\n\n\n\n<div class=\"wp-block-columns is-layout-flex wp-container-core-columns-is-layout-9d6595d7 wp-block-columns-is-layout-flex\">\n\n<div class=\"wp-block-column is-layout-flow wp-block-column-is-layout-flow\">\n\n<div class=\"schema-faq wp-block-yoast-faq-block\"><div class=\"schema-faq-section\" id=\"faq-question-1662987226176\"><strong class=\"schema-faq-question\">Wie unterscheidet sich CORONA von anderen Anbietern auf dem Markt?<\/strong> <p class=\"schema-faq-answer\">Wir sind seit 1991 t\u00e4tig. Seit mehr als 30 Jahren arbeiten wir mit den besten Spezialisten aus ganz Europa zusammen und vertreten die renommiertesten Hersteller. Wir scheuen uns auch nicht, wegweisende Projekte im Bereich des Explosionsschutzes zu realisieren. Der Schutz von Leben, Gesundheit und Eigentum ist unser Auftrag. Wir laden Sie ein, unser detailliertes Angebot auf unserer Website zu lesen oder unsere Spezialisten direkt zu kontaktieren.<\/p> <\/div> <div class=\"schema-faq-section\" id=\"faq-question-1662987252541\"><strong class=\"schema-faq-question\">Welche Dienstleistungen bietet CORONA an?<\/strong> <p class=\"schema-faq-answer\">In erster Linie bieten wir ein umfassendes Dienstleistungsangebot, das nicht nur die besten auf dem Markt erh\u00e4ltlichen Explosionsschutzprodukte wie Sicherheitsplatten, Atemventile und HRD-Flaschen umfasst, sondern auch einen 24-Stunden-Service, die M\u00f6glichkeit der Erstellung gesetzlich vorgeschriebener Dokumentationen und die Durchf\u00fchrung eines Sicherheitsaudits der Anlage. Einen detaillierten \u00dcberblick \u00fcber unser Angebot finden Sie auf unserer Website. Sie k\u00f6nnen sich auch direkt an unsere Spezialisten wenden, die Ihnen gerne alle Fragen beantworten.<\/p> <\/div> <div class=\"schema-faq-section\" id=\"faq-question-1662987260052\"><strong class=\"schema-faq-question\">Wo befindet sich der Hauptsitz von CORONA?<\/strong> <p class=\"schema-faq-answer\">Unser Hauptsitz befindet sich in Kattowitz in der Baildona-Stra\u00dfe 16\/27.<\/p> <\/div> <div class=\"schema-faq-section\" id=\"faq-question-1662987271922\"><strong class=\"schema-faq-question\">Zu welchen Zeiten ist das Unternehmen ge\u00f6ffnet?<\/strong> <p class=\"schema-faq-answer\">Das B\u00fcro ist von 8:00 bis 16:30 Uhr ge\u00f6ffnet. Selbstverst\u00e4ndlich k\u00f6nnen Sie auch zu anderen Zeiten einen Termin mit unseren Experten vereinbaren, und zwar an einem Ort, der f\u00fcr Sie g\u00fcnstig ist. Nehmen Sie dazu bitte telefonisch oder per E-Mail Kontakt mit uns auf.<\/p> <\/div> <\/div>\n\n<\/div>\n\n\n\n\n\n<div class=\"wp-block-column is-layout-flow wp-block-column-is-layout-flow\">\n\n<div class=\"schema-faq wp-block-yoast-faq-block\"><div class=\"schema-faq-section\" id=\"faq-question-1662987227773\"><strong class=\"schema-faq-question\">Wie viele Menschen arbeiten bei CORONA?<\/strong> <p class=\"schema-faq-answer\">Derzeit besch\u00e4ftigen wir mehr als 40 der besten Fachleute der Branche, aber das dynamische Wachstum des Unternehmens und das gro\u00dfe Interesse an unseren Dienstleistungen f\u00fchren dazu, dass sich unser Personalbestand st\u00e4ndig erweitert.<\/p> <\/div> <div class=\"schema-faq-section\" id=\"faq-question-1662987297334\"><strong class=\"schema-faq-question\">Wie k\u00f6nnen Sie bei CORONA einsteigen?<\/strong> <p class=\"schema-faq-answer\">Das kontinuierliche Wachstum des Unternehmens f\u00fchrt dazu, dass das Interesse an einer Mitarbeit in unseren Reihen sehr gro\u00df ist. Wir bieten sowohl Berufsanf\u00e4ngern als auch Personen mit mehrj\u00e4hriger Berufserfahrung die M\u00f6glichkeit, sich weiterzuentwickeln. Dank eines sorgf\u00e4ltigen Rekrutierungsprozesses garantiert unser Personal aus Ingenieuren und Servicetechnikern den Kunden des Unternehmens ein H\u00f6chstma\u00df an Service. Wer in unseren Reihen arbeiten m\u00f6chte, kann seine Bewerbung an folgende Adresse schicken: rekrutacja@corona.org.pl<\/p> <\/div> <div class=\"schema-faq-section\" id=\"faq-question-1662987310371\"><strong class=\"schema-faq-question\">Kann ich Sie in den sozialen Medien finden?<\/strong> <p class=\"schema-faq-answer\">Auf jeden Fall. Wir betreiben eine Fanpage auf Facebook und ein Profil auf LinkedIn. Auf diese Weise k\u00f6nnen Sie sich \u00fcber die neuesten Nachrichten aus dem Sektor auf dem Laufenden halten. Wir betreiben auch einen eigenen Kanal auf Youtube (coronaserwis.tv), auf dem unsere Experten auf einfache und verst\u00e4ndliche Weise versuchen, die Besonderheiten der Branche und die neuesten L\u00f6sungen zu erkl\u00e4ren. Wir empfehlen Ihnen auch, unseren Blog zu lesen, in dem Sie eine gro\u00dfe Portion Expertenwissen finden.<\/p> <\/div> <\/div>\n\n<\/div>\n\n<\/div>\n\n\n\n\n\n<p><\/p>\n\n","protected":false},"excerpt":{"rendered":"<p>H\u00e4ufig gestellte Fragen Sicherheitsschilder Wartung Funkenerkennung und -l\u00f6schung Flammenlose Entlastung, Sicherheitsplatten Detektoren, Ventile, Transformatorschutzschalter \u00dcber [&hellip;]<\/p>\n","protected":false},"author":1,"featured_media":744,"parent":0,"menu_order":0,"comment_status":"closed","ping_status":"closed","template":"kg_products_list_template.php","meta":{"pgc_sgb_lightbox_settings":"","footnotes":""},"categories":[42],"tags":[],"class_list":["post-743","page","type-page","status-publish","has-post-thumbnail","hentry","category-none"],"yoast_head":"<!-- This site is optimized with the Yoast SEO plugin v27.1.1 - https:\/\/yoast.com\/product\/yoast-seo-wordpress\/ -->\n<title>FAQ - CORONA Serwis<\/title>\n<meta name=\"robots\" content=\"index, follow, max-snippet:-1, max-image-preview:large, max-video-preview:-1\" \/>\n<link rel=\"canonical\" href=\"https:\/\/corona1.eu\/de\/faq\/\" \/>\n<meta property=\"og:locale\" content=\"de_DE\" \/>\n<meta property=\"og:type\" content=\"article\" \/>\n<meta property=\"og:title\" content=\"FAQ - CORONA Serwis\" \/>\n<meta property=\"og:description\" content=\"H\u00e4ufig gestellte Fragen Sicherheitsschilder Wartung Funkenerkennung und -l\u00f6schung Flammenlose Entlastung, Sicherheitsplatten Detektoren, Ventile, Transformatorschutzschalter \u00dcber [&hellip;]\" \/>\n<meta property=\"og:url\" content=\"https:\/\/corona1.eu\/de\/faq\/\" \/>\n<meta property=\"og:site_name\" content=\"CORONA Serwis\" \/>\n<meta property=\"article:modified_time\" content=\"2025-07-10T09:10:43+00:00\" \/>\n<meta property=\"og:image\" content=\"https:\/\/corona1.eu\/de\/wp-content\/uploads\/2025\/07\/wyniki_wyszkiwania_pomniejszone.jpg\" \/>\n\t<meta property=\"og:image:width\" content=\"2048\" \/>\n\t<meta property=\"og:image:height\" content=\"1027\" \/>\n\t<meta property=\"og:image:type\" content=\"image\/jpeg\" \/>\n<meta name=\"twitter:card\" content=\"summary_large_image\" \/>\n<meta name=\"twitter:label1\" content=\"Gesch\u00e4tzte Lesezeit\" \/>\n\t<meta name=\"twitter:data1\" content=\"15\u00a0Minuten\" \/>\n<script type=\"application\/ld+json\" class=\"yoast-schema-graph\">{\"@context\":\"https:\/\/schema.org\",\"@graph\":[{\"@type\":[\"WebPage\",\"FAQPage\"],\"@id\":\"https:\/\/corona1.eu\/de\/faq\/\",\"url\":\"https:\/\/corona1.eu\/de\/faq\/\",\"name\":\"FAQ - CORONA Serwis\",\"isPartOf\":{\"@id\":\"https:\/\/corona1.eu\/de\/#website\"},\"primaryImageOfPage\":{\"@id\":\"https:\/\/corona1.eu\/de\/faq\/#primaryimage\"},\"image\":{\"@id\":\"https:\/\/corona1.eu\/de\/faq\/#primaryimage\"},\"thumbnailUrl\":\"https:\/\/corona1.eu\/de\/wp-content\/uploads\/2025\/07\/wyniki_wyszkiwania_pomniejszone.jpg\",\"datePublished\":\"2025-07-10T09:07:07+00:00\",\"dateModified\":\"2025-07-10T09:10:43+00:00\",\"breadcrumb\":{\"@id\":\"https:\/\/corona1.eu\/de\/faq\/#breadcrumb\"},\"mainEntity\":[{\"@id\":\"https:\/\/corona1.eu\/de\/faq\/#faq-question-1662984964172\"},{\"@id\":\"https:\/\/corona1.eu\/de\/faq\/#faq-question-1662985021914\"},{\"@id\":\"https:\/\/corona1.eu\/de\/faq\/#faq-question-1662985033229\"},{\"@id\":\"https:\/\/corona1.eu\/de\/faq\/#faq-question-1662985048801\"},{\"@id\":\"https:\/\/corona1.eu\/de\/faq\/#faq-question-1662985064176\"},{\"@id\":\"https:\/\/corona1.eu\/de\/faq\/#faq-question-1662984968187\"},{\"@id\":\"https:\/\/corona1.eu\/de\/faq\/#faq-question-1662985096803\"},{\"@id\":\"https:\/\/corona1.eu\/de\/faq\/#faq-question-1662985119699\"},{\"@id\":\"https:\/\/corona1.eu\/de\/faq\/#faq-question-1662985128574\"},{\"@id\":\"https:\/\/corona1.eu\/de\/faq\/#faq-question-1662985330439\"},{\"@id\":\"https:\/\/corona1.eu\/de\/faq\/#faq-question-1662985843297\"},{\"@id\":\"https:\/\/corona1.eu\/de\/faq\/#faq-question-1662985869449\"},{\"@id\":\"https:\/\/corona1.eu\/de\/faq\/#faq-question-1662985885966\"},{\"@id\":\"https:\/\/corona1.eu\/de\/faq\/#faq-question-1662985845757\"},{\"@id\":\"https:\/\/corona1.eu\/de\/faq\/#faq-question-1662985914411\"},{\"@id\":\"https:\/\/corona1.eu\/de\/faq\/#faq-question-1662986166876\"},{\"@id\":\"https:\/\/corona1.eu\/de\/faq\/#faq-question-1662986186772\"},{\"@id\":\"https:\/\/corona1.eu\/de\/faq\/#faq-question-1662986199958\"},{\"@id\":\"https:\/\/corona1.eu\/de\/faq\/#faq-question-1662986215296\"},{\"@id\":\"https:\/\/corona1.eu\/de\/faq\/#faq-question-1662986227763\"},{\"@id\":\"https:\/\/corona1.eu\/de\/faq\/#faq-question-1662986169763\"},{\"@id\":\"https:\/\/corona1.eu\/de\/faq\/#faq-question-1662986313164\"},{\"@id\":\"https:\/\/corona1.eu\/de\/faq\/#faq-question-1662986328996\"},{\"@id\":\"https:\/\/corona1.eu\/de\/faq\/#faq-question-1662986346139\"},{\"@id\":\"https:\/\/corona1.eu\/de\/faq\/#faq-question-1662986362180\"},{\"@id\":\"https:\/\/corona1.eu\/de\/faq\/#faq-question-1662986784212\"},{\"@id\":\"https:\/\/corona1.eu\/de\/faq\/#faq-question-1662986804256\"},{\"@id\":\"https:\/\/corona1.eu\/de\/faq\/#faq-question-1662986817607\"},{\"@id\":\"https:\/\/corona1.eu\/de\/faq\/#faq-question-1662986831283\"},{\"@id\":\"https:\/\/corona1.eu\/de\/faq\/#faq-question-1662986845666\"},{\"@id\":\"https:\/\/corona1.eu\/de\/faq\/#faq-question-1662986859417\"},{\"@id\":\"https:\/\/corona1.eu\/de\/faq\/#faq-question-1662986873445\"},{\"@id\":\"https:\/\/corona1.eu\/de\/faq\/#faq-question-1662986887341\"},{\"@id\":\"https:\/\/corona1.eu\/de\/faq\/#faq-question-1662986786755\"},{\"@id\":\"https:\/\/corona1.eu\/de\/faq\/#faq-question-1662986921400\"},{\"@id\":\"https:\/\/corona1.eu\/de\/faq\/#faq-question-1662986935858\"},{\"@id\":\"https:\/\/corona1.eu\/de\/faq\/#faq-question-1662986953650\"},{\"@id\":\"https:\/\/corona1.eu\/de\/faq\/#faq-question-1662986967823\"},{\"@id\":\"https:\/\/corona1.eu\/de\/faq\/#faq-question-1662986980048\"},{\"@id\":\"https:\/\/corona1.eu\/de\/faq\/#faq-question-1662986993373\"},{\"@id\":\"https:\/\/corona1.eu\/de\/faq\/#faq-question-1662987081157\"},{\"@id\":\"https:\/\/corona1.eu\/de\/faq\/#faq-question-1662987093469\"},{\"@id\":\"https:\/\/corona1.eu\/de\/faq\/#faq-question-1662987106420\"},{\"@id\":\"https:\/\/corona1.eu\/de\/faq\/#faq-question-1662987118637\"},{\"@id\":\"https:\/\/corona1.eu\/de\/faq\/#faq-question-1662987082588\"},{\"@id\":\"https:\/\/corona1.eu\/de\/faq\/#faq-question-1662987147666\"},{\"@id\":\"https:\/\/corona1.eu\/de\/faq\/#faq-question-1662987160295\"},{\"@id\":\"https:\/\/corona1.eu\/de\/faq\/#faq-question-1662987172535\"},{\"@id\":\"https:\/\/corona1.eu\/de\/faq\/#faq-question-1662987226176\"},{\"@id\":\"https:\/\/corona1.eu\/de\/faq\/#faq-question-1662987252541\"},{\"@id\":\"https:\/\/corona1.eu\/de\/faq\/#faq-question-1662987260052\"},{\"@id\":\"https:\/\/corona1.eu\/de\/faq\/#faq-question-1662987271922\"},{\"@id\":\"https:\/\/corona1.eu\/de\/faq\/#faq-question-1662987227773\"},{\"@id\":\"https:\/\/corona1.eu\/de\/faq\/#faq-question-1662987297334\"},{\"@id\":\"https:\/\/corona1.eu\/de\/faq\/#faq-question-1662987310371\"}],\"inLanguage\":\"de\",\"potentialAction\":[{\"@type\":\"ReadAction\",\"target\":[\"https:\/\/corona1.eu\/de\/faq\/\"]}]},{\"@type\":\"ImageObject\",\"inLanguage\":\"de\",\"@id\":\"https:\/\/corona1.eu\/de\/faq\/#primaryimage\",\"url\":\"https:\/\/corona1.eu\/de\/wp-content\/uploads\/2025\/07\/wyniki_wyszkiwania_pomniejszone.jpg\",\"contentUrl\":\"https:\/\/corona1.eu\/de\/wp-content\/uploads\/2025\/07\/wyniki_wyszkiwania_pomniejszone.jpg\",\"width\":2048,\"height\":1027},{\"@type\":\"BreadcrumbList\",\"@id\":\"https:\/\/corona1.eu\/de\/faq\/#breadcrumb\",\"itemListElement\":[{\"@type\":\"ListItem\",\"position\":1,\"name\":\"Startseite\",\"item\":\"https:\/\/corona1.eu\/de\/\"},{\"@type\":\"ListItem\",\"position\":2,\"name\":\"FAQ\"}]},{\"@type\":\"WebSite\",\"@id\":\"https:\/\/corona1.eu\/de\/#website\",\"url\":\"https:\/\/corona1.eu\/de\/\",\"name\":\"CORONA Serwis\",\"description\":\"\",\"potentialAction\":[{\"@type\":\"SearchAction\",\"target\":{\"@type\":\"EntryPoint\",\"urlTemplate\":\"https:\/\/corona1.eu\/de\/?s={search_term_string}\"},\"query-input\":{\"@type\":\"PropertyValueSpecification\",\"valueRequired\":true,\"valueName\":\"search_term_string\"}}],\"inLanguage\":\"de\"},{\"@type\":\"Question\",\"@id\":\"https:\/\/corona1.eu\/de\/faq\/#faq-question-1662984964172\",\"position\":1,\"url\":\"https:\/\/corona1.eu\/de\/faq\/#faq-question-1662984964172\",\"name\":\"Co to jest P\u0142ytka bezpiecze\u0144stwa?\",\"answerCount\":1,\"acceptedAnswer\":{\"@type\":\"Answer\",\"text\":\"P\u0142ytka bezpiecze\u0144stwa jest urz\u0105dzeniem zabezpieczaj\u0105cym instalacje, aparaty i urz\u0105dzenia procesowe przed nadmiernym wzrostem lub spadkiem ci\u015bnienia. Urz\u0105dzenia te pe\u0142ni\u0105 analogiczn\u0105 rol\u0119, jak zawory bezpiecze\u0144stwa.\",\"inLanguage\":\"de\"},\"inLanguage\":\"de\"},{\"@type\":\"Question\",\"@id\":\"https:\/\/corona1.eu\/de\/faq\/#faq-question-1662985021914\",\"position\":2,\"url\":\"https:\/\/corona1.eu\/de\/faq\/#faq-question-1662985021914\",\"name\":\"Co to jest Holder?\",\"answerCount\":1,\"acceptedAnswer\":{\"@type\":\"Answer\",\"text\":\"Holder (uchwyt) to specjalny ko\u0142nierz monta\u017cowy dla p\u0142ytki bezpiecze\u0144stwa. Niekt\u00f3re typy p\u0142ytek (przy niskich ci\u015bnieniach) s\u0105 przystosowane do monta\u017cu bezpo\u015brednio pomi\u0119dzy ko\u0142nierze (bez konieczno\u015bci stosowania specjalnych uchwyt\u00f3w).\",\"inLanguage\":\"de\"},\"inLanguage\":\"de\"},{\"@type\":\"Question\",\"@id\":\"https:\/\/corona1.eu\/de\/faq\/#faq-question-1662985033229\",\"position\":3,\"url\":\"https:\/\/corona1.eu\/de\/faq\/#faq-question-1662985033229\",\"name\":\"Co to jest P\u0142ytka sanitarna?\",\"answerCount\":1,\"acceptedAnswer\":{\"@type\":\"Answer\",\"text\":\"Jest to specjalna grupa p\u0142ytek dedykowana do zastosowa\u0144 w bran\u017cy farmaceutycznej, spo\u017cywczej czy te\u017c biotechnologii. Idealnie g\u0142adka konstrukcja zapobiega osadzaniu si\u0119 na p\u0142ytce medi\u00f3w procesowych (RA elektropolerka). Firma Fike dla p\u0142ytek sanitarnych stosuje r\u00f3wnie\u017c specjalny, unikatowy i aseptyczny spos\u00f3b pakowania.\",\"inLanguage\":\"de\"},\"inLanguage\":\"de\"},{\"@type\":\"Question\",\"@id\":\"https:\/\/corona1.eu\/de\/faq\/#faq-question-1662985048801\",\"position\":4,\"url\":\"https:\/\/corona1.eu\/de\/faq\/#faq-question-1662985048801\",\"name\":\"Jakie jest ci\u015bnienie rozerwania p\u0142ytki?\",\"answerCount\":1,\"acceptedAnswer\":{\"@type\":\"Answer\",\"text\":\"Ci\u015bnienie rozerwania p\u0142ytki bezpiecze\u0144stwa jest ka\u017cdorazowo dostosowane do unikalnych wymog\u00f3w instalacji lub urz\u0105dzenia.\",\"inLanguage\":\"de\"},\"inLanguage\":\"de\"},{\"@type\":\"Question\",\"@id\":\"https:\/\/corona1.eu\/de\/faq\/#faq-question-1662985064176\",\"position\":5,\"url\":\"https:\/\/corona1.eu\/de\/faq\/#faq-question-1662985064176\",\"name\":\"Jaka jest tolerancja rozerwania p\u0142ytek bezpiecze\u0144stwa?\",\"answerCount\":1,\"acceptedAnswer\":{\"@type\":\"Answer\",\"text\":\"Tolerancja rozerwania okre\u015bla zakres ci\u015bnienia, w jakim nast\u0105pi otwarcie p\u0142ytki bezpiecze\u0144stwa (np.  \/- 5%,10% od za\u0142o\u017conego nominalnego ci\u015bnienia rozerwania).\",\"inLanguage\":\"de\"},\"inLanguage\":\"de\"},{\"@type\":\"Question\",\"@id\":\"https:\/\/corona1.eu\/de\/faq\/#faq-question-1662984968187\",\"position\":6,\"url\":\"https:\/\/corona1.eu\/de\/faq\/#faq-question-1662984968187\",\"name\":\"Kto przeprowadza przegl\u0105dy p\u0142ytek bezpiecze\u0144stwa na instalacji?\",\"answerCount\":1,\"acceptedAnswer\":{\"@type\":\"Answer\",\"text\":\"Przegl\u0105dy okresowe (wizualne) mo\u017ce przeprowadzi\u0107 u\u017cytkownik instalacji lub opiekun UDT.\",\"inLanguage\":\"de\"},\"inLanguage\":\"de\"},{\"@type\":\"Question\",\"@id\":\"https:\/\/corona1.eu\/de\/faq\/#faq-question-1662985096803\",\"position\":7,\"url\":\"https:\/\/corona1.eu\/de\/faq\/#faq-question-1662985096803\",\"name\":\"Jaki jest czas gwarancji dla p\u0142ytek bezpiecze\u0144stwa?\",\"answerCount\":1,\"acceptedAnswer\":{\"@type\":\"Answer\",\"text\":\"Wszystko zale\u017cy od modelu p\u0142ytki. Okres gwarancji wynosi zwykle od 12 do 36 miesi\u0119cy.\",\"inLanguage\":\"de\"},\"inLanguage\":\"de\"},{\"@type\":\"Question\",\"@id\":\"https:\/\/corona1.eu\/de\/faq\/#faq-question-1662985119699\",\"position\":8,\"url\":\"https:\/\/corona1.eu\/de\/faq\/#faq-question-1662985119699\",\"name\":\"Czy p\u0142ytki bezpiecze\u0144stwa s\u0105 dost\u0119pne \u201eod r\u0119ki\u201d (na stanie magazynowym)?\",\"answerCount\":1,\"acceptedAnswer\":{\"@type\":\"Answer\",\"text\":\"To zale\u017cy. P\u0142ytka bezpiecze\u0144stwa najcz\u0119\u015bciej jest produkowana na indywidualne zam\u00f3wienie klienta, pod parametry procesowe danej instalacji. Czas dostawy wynosi standardowo ok. 3-4 tygodnie. Za dodatkowa op\u0142at\u0105 (opcja: HOT SHOT) mo\u017cliwe jest jednak przyspieszenie tego procesu nawet do 2 dni roboczych.\",\"inLanguage\":\"de\"},\"inLanguage\":\"de\"},{\"@type\":\"Question\",\"@id\":\"https:\/\/corona1.eu\/de\/faq\/#faq-question-1662985128574\",\"position\":9,\"url\":\"https:\/\/corona1.eu\/de\/faq\/#faq-question-1662985128574\",\"name\":\"Jakie parametry s\u0105 potrzebne do doboru p\u0142ytki bezpiecze\u0144stwa?\",\"answerCount\":1,\"acceptedAnswer\":{\"@type\":\"Answer\",\"text\":\"Aby prawid\u0142owo dobra\u0107 p\u0142ytk\u0119 bezpiecze\u0144stwa nale\u017cy okre\u015bli\u0107:<br\/>\u00b7 ci\u015bnienie rozerwania<br\/>\u00b7 temperatur\u0119 rozerwania (je\u017celi nie jest podana, ustala si\u0119 j\u0105 domy\u015blnie na 22\u00b0C)<br\/>\u00b7 rozmiar p\u0142ytki bezpiecze\u0144stwa i klas\u0119 ko\u0142nierza do monta\u017cu p\u0142ytki<br\/>\u00b7 materia\u0142 z jakiego ma zosta\u0107 wykonana p\u0142ytka bezpiecze\u0144stwa<br\/>\u00b7 ilo\u015b\u0107 zamawianych sztuk\",\"inLanguage\":\"de\"},\"inLanguage\":\"de\"},{\"@type\":\"Question\",\"@id\":\"https:\/\/corona1.eu\/de\/faq\/#faq-question-1662985330439\",\"position\":10,\"url\":\"https:\/\/corona1.eu\/de\/faq\/#faq-question-1662985330439\",\"name\":\"Jak montujemy p\u0142ytki?\",\"answerCount\":1,\"acceptedAnswer\":{\"@type\":\"Answer\",\"text\":\"Instrukcja monta\u017cu i obs\u0142ugi zawsze za\u0142\u0105czona jest do przesy\u0142ki z p\u0142ytkami. Wizualizacj\u0119 tego, jak montowana jest p\u0142ytka bezpiecze\u0144stwa w instalacji, mo\u017cecie Pa\u0144stwo zobaczy\u0107 na naszym kanale<a href=\\\"https:\/\/www.youtube.com\/watch?v=uyWr1oWLK6s\\\"> youtube<\/a>\",\"inLanguage\":\"de\"},\"inLanguage\":\"de\"},{\"@type\":\"Question\",\"@id\":\"https:\/\/corona1.eu\/de\/faq\/#faq-question-1662985843297\",\"position\":11,\"url\":\"https:\/\/corona1.eu\/de\/faq\/#faq-question-1662985843297\",\"name\":\"Czy na czas prac serwisowych instalacja powinna by\u0107 wy\u0142\u0105czona?\",\"answerCount\":1,\"acceptedAnswer\":{\"@type\":\"Answer\",\"text\":\"Tak, wszystkie prace serwisowe wykonywane s\u0105 z zastrze\u017ceniem wstrzymania ruchu urz\u0105dze\u0144.\",\"inLanguage\":\"de\"},\"inLanguage\":\"de\"},{\"@type\":\"Question\",\"@id\":\"https:\/\/corona1.eu\/de\/faq\/#faq-question-1662985869449\",\"position\":12,\"url\":\"https:\/\/corona1.eu\/de\/faq\/#faq-question-1662985869449\",\"name\":\"Jaki jest czas oczekiwania na serwis po awarii\/aktywacji?\",\"answerCount\":1,\"acceptedAnswer\":{\"@type\":\"Answer\",\"text\":\"Nasz serwis dzia\u0142a codziennie, 24 godziny na dob\u0119. Zawsze staramy si\u0119, aby usuni\u0119cie awarii oraz odbudowa systemu odbywa\u0142y si\u0119 w jak najkr\u00f3tszym mo\u017cliwym terminie.\",\"inLanguage\":\"de\"},\"inLanguage\":\"de\"},{\"@type\":\"Question\",\"@id\":\"https:\/\/corona1.eu\/de\/faq\/#faq-question-1662985885966\",\"position\":13,\"url\":\"https:\/\/corona1.eu\/de\/faq\/#faq-question-1662985885966\",\"name\":\"Jaki jest czas oczekiwania na planowy serwis?\",\"answerCount\":1,\"acceptedAnswer\":{\"@type\":\"Answer\",\"text\":\"Standardowy czas oczekiwania na przegl\u0105d planowy wynosi od 72 do 120 godzin. Czas liczony jest od momentu z\u0142o\u017cenia zam\u00f3wienia. Zawsze staramy si\u0119 jednak ustali\u0107 mo\u017cliwie najszybszy i najbardziej dogodnym dla Pa\u0144stwa termin. W zale\u017cno\u015bci od rodzaju zawartej umowy serwisowej, mo\u017cliwy jest tak\u017ce czas reakcji nawet do 2 godzin.\",\"inLanguage\":\"de\"},\"inLanguage\":\"de\"},{\"@type\":\"Question\",\"@id\":\"https:\/\/corona1.eu\/de\/faq\/#faq-question-1662985845757\",\"position\":14,\"url\":\"https:\/\/corona1.eu\/de\/faq\/#faq-question-1662985845757\",\"name\":\"Jak cz\u0119sto nale\u017cy wykonywa\u0107 serwis?\",\"answerCount\":1,\"acceptedAnswer\":{\"@type\":\"Answer\",\"text\":\"Producent zaleca wykonywanie przegl\u0105d\u00f3w w zale\u017cno\u015bci od obci\u0105\u017cenia i \u015brodowiska pracy. Zgodnie z Rozporz\u0105dzeniem Ministra Rozwoju z dnia 6 czerwca 2016r. w sprawie wymaga\u0144 dla urz\u0105dze\u0144 i system\u00f3w ochronnych przeznaczonych do u\u017cytku w atmosferze potencjalnie wybuchowej (Dz. U, poz. 817) przegl\u0105d powinien odbywa\u0107 si\u0119 przynajmniej <strong>raz w roku<\/strong>.\",\"inLanguage\":\"de\"},\"inLanguage\":\"de\"},{\"@type\":\"Question\",\"@id\":\"https:\/\/corona1.eu\/de\/faq\/#faq-question-1662985914411\",\"position\":15,\"url\":\"https:\/\/corona1.eu\/de\/faq\/#faq-question-1662985914411\",\"name\":\"Jaki jest standardowy czas trwania serwisu?\",\"answerCount\":1,\"acceptedAnswer\":{\"@type\":\"Answer\",\"text\":\"Wszystko zale\u017cy od wielko\u015bci instalacji. Przyk\u0142adowo, do du\u017cych system\u00f3w, gdzie przestoje mog\u0105 trwa\u0107 powy\u017cej 5 dni, czas trwania serwisu to zwykle ok. 4 godziny.\",\"inLanguage\":\"de\"},\"inLanguage\":\"de\"},{\"@type\":\"Question\",\"@id\":\"https:\/\/corona1.eu\/de\/faq\/#faq-question-1662986166876\",\"position\":16,\"url\":\"https:\/\/corona1.eu\/de\/faq\/#faq-question-1662986166876\",\"name\":\"Ile kosztuje system detekcji iskier?\",\"answerCount\":1,\"acceptedAnswer\":{\"@type\":\"Answer\",\"text\":\"Wszystko zale\u017cy od wielko\u015bci systemu. Cena ustalana jest po dok\u0142adnej analizie i uzyskaniu od Pa\u0144stwa potrzebnych do tego informacji (sla danej instalacji).\",\"inLanguage\":\"de\"},\"inLanguage\":\"de\"},{\"@type\":\"Question\",\"@id\":\"https:\/\/corona1.eu\/de\/faq\/#faq-question-1662986186772\",\"position\":17,\"url\":\"https:\/\/corona1.eu\/de\/faq\/#faq-question-1662986186772\",\"name\":\"Jaki jest czas gwarancji na system detekcji iskier?\",\"answerCount\":1,\"acceptedAnswer\":{\"@type\":\"Answer\",\"text\":\"Od momentu uruchomienia instalacji, czas gwarancji na system detekcji wynosi 12 miesi\u0119cy lub d\u0142u\u017cej.\",\"inLanguage\":\"de\"},\"inLanguage\":\"de\"},{\"@type\":\"Question\",\"@id\":\"https:\/\/corona1.eu\/de\/faq\/#faq-question-1662986199958\",\"position\":18,\"url\":\"https:\/\/corona1.eu\/de\/faq\/#faq-question-1662986199958\",\"name\":\"Jak cz\u0119sto system detekcji powinien by\u0107 serwisowany?\",\"answerCount\":1,\"acceptedAnswer\":{\"@type\":\"Answer\",\"text\":\"Ka\u017cdy system przeciwpo\u017carowy powinien by\u0107 przynajmniej raz w roku kontrolowany przez autoryzowany serwis. Jednak dla zapewnienia lepszej pracy systemu, serwisu najlepiej dokonywa\u0107 dwa razy w roku. To indywidualna decyzja u\u017cytkownika, kt\u00f3ra powinna zosta\u0107 podj\u0119ta z uwzgl\u0119dnieniem ryzyka dla danego ci\u0105gu technologicznego.\",\"inLanguage\":\"de\"},\"inLanguage\":\"de\"},{\"@type\":\"Question\",\"@id\":\"https:\/\/corona1.eu\/de\/faq\/#faq-question-1662986215296\",\"position\":19,\"url\":\"https:\/\/corona1.eu\/de\/faq\/#faq-question-1662986215296\",\"name\":\"Jakie s\u0105 koszty serwisu?\",\"answerCount\":1,\"acceptedAnswer\":{\"@type\":\"Answer\",\"text\":\"Cena za us\u0142ug\u0119 ustalana jest indywidualnie i zale\u017cna jest od wielko\u015bci instalacji oraz dost\u0119pu do jej element\u00f3w.\",\"inLanguage\":\"de\"},\"inLanguage\":\"de\"},{\"@type\":\"Question\",\"@id\":\"https:\/\/corona1.eu\/de\/faq\/#faq-question-1662986227763\",\"position\":20,\"url\":\"https:\/\/corona1.eu\/de\/faq\/#faq-question-1662986227763\",\"name\":\"Czy po zako\u0144czeniu uruchomienia wykonywane jest szkolenie?\",\"answerCount\":1,\"acceptedAnswer\":{\"@type\":\"Answer\",\"text\":\"Tak. Po instalacji systemu, wyznaczone przez Pa\u0144stwa osoby przejd\u0105 odpowiednie szkolenie.\",\"inLanguage\":\"de\"},\"inLanguage\":\"de\"},{\"@type\":\"Question\",\"@id\":\"https:\/\/corona1.eu\/de\/faq\/#faq-question-1662986169763\",\"position\":21,\"url\":\"https:\/\/corona1.eu\/de\/faq\/#faq-question-1662986169763\",\"name\":\"Kto powinien by\u0107 przeszkolony?\",\"answerCount\":1,\"acceptedAnswer\":{\"@type\":\"Answer\",\"text\":\"Najlepiej osoba, kt\u00f3ra jest odpowiedzialna za proces produkcji: kierownik, brygadzista, team leader lub inny wyznaczony przez Pa\u0144stwa pracownik.\",\"inLanguage\":\"de\"},\"inLanguage\":\"de\"},{\"@type\":\"Question\",\"@id\":\"https:\/\/corona1.eu\/de\/faq\/#faq-question-1662986313164\",\"position\":22,\"url\":\"https:\/\/corona1.eu\/de\/faq\/#faq-question-1662986313164\",\"name\":\"W jakim miejscu powinna by\u0107 centrala systemu?\",\"answerCount\":1,\"acceptedAnswer\":{\"@type\":\"Answer\",\"text\":\"Najlepiej w miejscu, w kt\u00f3rym znajduje si\u0119 operator. Dzi\u0119ki temu, mo\u017cliwa b\u0119dzie szybka weryfikacja komunikatu z panelu steruj\u0105cego.\",\"inLanguage\":\"de\"},\"inLanguage\":\"de\"},{\"@type\":\"Question\",\"@id\":\"https:\/\/corona1.eu\/de\/faq\/#faq-question-1662986328996\",\"position\":23,\"url\":\"https:\/\/corona1.eu\/de\/faq\/#faq-question-1662986328996\",\"name\":\"Czy czujniki wykrywania iskier musz\u0105 by\u0107 zabezpieczone przed oddzia\u0142ywaniem warunk\u00f3w atmosferycznych?\",\"answerCount\":1,\"acceptedAnswer\":{\"@type\":\"Answer\",\"text\":\"Nie ma takiej konieczno\u015bci. Czujniki montowane s\u0105 na ruroci\u0105gach lub zsypach i ich konstrukcja pozwala na prace w ka\u017cdych warunkach atmosferycznych.\",\"inLanguage\":\"de\"},\"inLanguage\":\"de\"},{\"@type\":\"Question\",\"@id\":\"https:\/\/corona1.eu\/de\/faq\/#faq-question-1662986346139\",\"position\":24,\"url\":\"https:\/\/corona1.eu\/de\/faq\/#faq-question-1662986346139\",\"name\":\"Czy mo\u017cliwa jest kontrola systemu bez wy\u0142\u0105czania odpylania?\",\"answerCount\":1,\"acceptedAnswer\":{\"@type\":\"Answer\",\"text\":\"Nie ma takiej mo\u017cliwo\u015bci. Podczas kontroli czujniki <strong>musz\u0105 by\u0107 wy\u0142\u0105czone<\/strong>. W przypadku uruchomionego urz\u0105dzenia w trakcie kontroli mog\u0142oby doj\u015b\u0107 do niebezpiecznego zdarzenia, a bezpiecze\u0144stwo os\u00f3b przeprowadzaj\u0105cych kontrol\u0119 jest najwa\u017cniejsze. Przepisy BHP kategorycznie wykluczaj\u0105 mo\u017cliwo\u015b\u0107 pracy na w\u0142\u0105czonym urz\u0105dzeniu.\",\"inLanguage\":\"de\"},\"inLanguage\":\"de\"},{\"@type\":\"Question\",\"@id\":\"https:\/\/corona1.eu\/de\/faq\/#faq-question-1662986362180\",\"position\":25,\"url\":\"https:\/\/corona1.eu\/de\/faq\/#faq-question-1662986362180\",\"name\":\"Czy jeste\u015bmy w stanie wykona\u0107 instalacje w trybie \u201epod klucz\u201d?\",\"answerCount\":1,\"acceptedAnswer\":{\"@type\":\"Answer\",\"text\":\"Tak. Je\u017celi Pa\u0144stwo sobie tego \u017cycz\u0105, nasi in\u017cynierowie bior\u0105 pe\u0142n\u0105 odpowiedzialno\u015b\u0107 za kompleksow\u0105 realizacj\u0119 wszystkich etap\u00f3w inwestycji \u2013 od projektu, przez produkcj\u0119 kluczowych element\u00f3w uk\u0142adu, po monta\u017c oraz uruchomienie nowej instalacji. Oferta obejmuje tak\u017ce p\u00f3\u017aniejszy serwis.\",\"inLanguage\":\"de\"},\"inLanguage\":\"de\"},{\"@type\":\"Question\",\"@id\":\"https:\/\/corona1.eu\/de\/faq\/#faq-question-1662986784212\",\"position\":26,\"url\":\"https:\/\/corona1.eu\/de\/faq\/#faq-question-1662986784212\",\"name\":\"Czy bezp\u0142omieniowe odci\u0105\u017canie \u201eFlameQuench\u201c to produkt jednorazowego u\u017cytku?\",\"answerCount\":1,\"acceptedAnswer\":{\"@type\":\"Answer\",\"text\":\"P\u0142yta urz\u0105dzenia jest jednorazowego u\u017cytku, natomiast w zale\u017cno\u015bci od wybuchu, w przerywaczu wymieniona mo\u017ce zosta\u0107 siatka t\u0142umi\u0105ca.\",\"inLanguage\":\"de\"},\"inLanguage\":\"de\"},{\"@type\":\"Question\",\"@id\":\"https:\/\/corona1.eu\/de\/faq\/#faq-question-1662986804256\",\"position\":27,\"url\":\"https:\/\/corona1.eu\/de\/faq\/#faq-question-1662986804256\",\"name\":\"Jak d\u0142ugo system mo\u017ce by\u0107 zainstalowany w przypadku, kiedy nie nast\u0119puje wybuch?\",\"answerCount\":1,\"acceptedAnswer\":{\"@type\":\"Answer\",\"text\":\"Nie ma ograniczenia czasowego czy terminu wa\u017cno\u015bci. Konieczno\u015b\u0107 wymiany mo\u017ce spowodowa\u0107 jedynie silne i cz\u0119ste oddzia\u0142ywanie czynnik\u00f3w atmosferycznych lub procesowych. Dobr\u0105 praktyk\u0105 jest zweryfikowanie i wymiana podstawowych element\u00f3w po 10 latach eksploatacji.\",\"inLanguage\":\"de\"},\"inLanguage\":\"de\"},{\"@type\":\"Question\",\"@id\":\"https:\/\/corona1.eu\/de\/faq\/#faq-question-1662986817607\",\"position\":28,\"url\":\"https:\/\/corona1.eu\/de\/faq\/#faq-question-1662986817607\",\"name\":\"Jak cz\u0119sto nale\u017cy przeprowadza\u0107 kontrol\u0119 sprz\u0119tu i ile taka kontrola kosztuje?\",\"answerCount\":1,\"acceptedAnswer\":{\"@type\":\"Answer\",\"text\":\"Zgodnie z Rozporz\u0105dzeniem Ministra Rozwoju z dnia 6 czerwca 2016r. w sprawie wymaga\u0144 dla urz\u0105dze\u0144 i system\u00f3w ochronnych przeznaczonych do u\u017cytku w atmosferze potencjalnie wybuchowej (Dz. U, poz. 817) przegl\u0105d powinien odbywa\u0107 si\u0119 przynajmniej raz w roku. Koszt takiej kontroli zale\u017cy od jej zakresu. W celu om\u00f3wienia szczeg\u00f3\u0142\u00f3w zapraszamy do kontaktu z naszymi specjalistami.\",\"inLanguage\":\"de\"},\"inLanguage\":\"de\"},{\"@type\":\"Question\",\"@id\":\"https:\/\/corona1.eu\/de\/faq\/#faq-question-1662986831283\",\"position\":29,\"url\":\"https:\/\/corona1.eu\/de\/faq\/#faq-question-1662986831283\",\"name\":\"Czy mo\u017cliwe jest zast\u0105pienie systemu HRD pasywnym zabezpieczeniem tak, aby rozwi\u0105zanie na przestrzeni np. 10 lat okaza\u0142o si\u0119 bardziej ekonomiczne?\",\"answerCount\":1,\"acceptedAnswer\":{\"@type\":\"Answer\",\"text\":\"Wszystko zale\u017cy od instalacji. W niekt\u00f3rych przypadkach mo\u017ce nie by\u0107 takiej opcji. To zale\u017cy czy jest to mo\u017cliwe na danej technologii. W celu weryfikacji prosimy o kontakt z naszymi specjalistami, kt\u00f3rzy dobior\u0105 dla Pa\u0144stwa najlepsze mo\u017cliwe rozwi\u0105zania.\",\"inLanguage\":\"de\"},\"inLanguage\":\"de\"},{\"@type\":\"Question\",\"@id\":\"https:\/\/corona1.eu\/de\/faq\/#faq-question-1662986845666\",\"position\":30,\"url\":\"https:\/\/corona1.eu\/de\/faq\/#faq-question-1662986845666\",\"name\":\"Jakie dane techniczne powinny zosta\u0107 udost\u0119pnione, aby mo\u017cliwe by\u0142o przygotowanie oferty na zabezpieczenie przeciwwybuchowe?\",\"answerCount\":1,\"acceptedAnswer\":{\"@type\":\"Answer\",\"text\":\"W celu przygotowywania oferty, potrzebujemy od Pa\u0144stwa przede wszystkim informacji dotycz\u0105cych aparatu, kt\u00f3ry ma zosta\u0107 zabezpieczony tzn. rysunek techniczny, schemat technologiczny, opis procesu technologicznego. Ponadto, konieczne s\u0105 tak\u017ce dane dotyczace wytrzyma\u0142o\u015bci urz\u0105dzenia - parametr Pred (ci\u015bnienie zredukowane). Podstawow\u0105 informacj\u0105 dla nas jest tak\u017ce to, jaki py\u0142 znajduj\u0119 si\u0119 w instalacji \u2013 jego rodzaj, parametry Kst (wska\u017anik wybuchowo\u015bci) i Pmax (maksymalne ci\u015bnienie wybuchu).\",\"inLanguage\":\"de\"},\"inLanguage\":\"de\"},{\"@type\":\"Question\",\"@id\":\"https:\/\/corona1.eu\/de\/faq\/#faq-question-1662986859417\",\"position\":31,\"url\":\"https:\/\/corona1.eu\/de\/faq\/#faq-question-1662986859417\",\"name\":\"Czy p\u0142yta bezpiecze\u0144stwa jest urz\u0105dzeniem wielokrotnego u\u017cytku?\",\"answerCount\":1,\"acceptedAnswer\":{\"@type\":\"Answer\",\"text\":\"Nie, p\u0142yta bezpiecze\u0144stwa nie jest urz\u0105dzeniem wielokrotnego u\u017cytku. Wskazuje na to sama nazwa \u201epanel rozrywny\u201c. Zatem po ka\u017cdorazowym otwarciu si\u0119 p\u0142yty, nale\u017cy wymieni\u0107 j\u0105 na now\u0105.\",\"inLanguage\":\"de\"},\"inLanguage\":\"de\"},{\"@type\":\"Question\",\"@id\":\"https:\/\/corona1.eu\/de\/faq\/#faq-question-1662986873445\",\"position\":32,\"url\":\"https:\/\/corona1.eu\/de\/faq\/#faq-question-1662986873445\",\"name\":\"Czy posiadaj\u0105 Pa\u0144stwo p\u0142yty bezpiecze\u0144stwa na swoim magazynie?\",\"answerCount\":1,\"acceptedAnswer\":{\"@type\":\"Answer\",\"text\":\"Standardowo p\u0142yty bezpiecze\u0144stwa dzielimy na te, kt\u00f3re produkowane s\u0105 na indywidualne zam\u00f3wienie klienta oraz na p\u0142yty standardowe (dost\u0119pne od r\u0119ki). Z uwagi na ilo\u015b\u0107 zabezpieczanych przez nas instalacji przemys\u0142owych w Polsce i krajach o\u015bciennych, cz\u0119\u015b\u0107 p\u0142yt bezpiecze\u0144stwa znajduje si\u0119 w naszym wewn\u0119trznym magazynie, dzi\u0119ki czemu dost\u0119pne s\u0105 od r\u0119ki.\",\"inLanguage\":\"de\"},\"inLanguage\":\"de\"},{\"@type\":\"Question\",\"@id\":\"https:\/\/corona1.eu\/de\/faq\/#faq-question-1662986887341\",\"position\":33,\"url\":\"https:\/\/corona1.eu\/de\/faq\/#faq-question-1662986887341\",\"name\":\"Czy zabezpieczenie mojego urz\u0105dzenia sam\u0105 p\u0142yt\u0105 bezpiecze\u0144stwa wystarczy?\",\"answerCount\":1,\"acceptedAnswer\":{\"@type\":\"Answer\",\"text\":\"W celu zapewnienie pe\u0142nego bezpiecze\u0144stwa instalacji, urz\u0105dzenie powinno zosta\u0107 zabezpieczone uk\u0142adem bezp\u0142omieniowym np. przerywaczem p\u0142omienia FlamQuench, aktywnym systemem t\u0142umienia wybuchu (butla HRD), b\u0105d\u017a poprzez wykonanie kana\u0142u dekompresyjnego, kt\u00f3ry umo\u017cliwi wyprowadzenie powsta\u0142ej w wyniku wybuchu kuli ognia do atmosfery.\",\"inLanguage\":\"de\"},\"inLanguage\":\"de\"},{\"@type\":\"Question\",\"@id\":\"https:\/\/corona1.eu\/de\/faq\/#faq-question-1662986786755\",\"position\":34,\"url\":\"https:\/\/corona1.eu\/de\/faq\/#faq-question-1662986786755\",\"name\":\"Jakie s\u0105 mo\u017cliwe dost\u0119pne akcesoria, kt\u00f3rymi mo\u017cna doposa\u017cy\u0107 p\u0142yty bezpiecze\u0144stwa?\",\"answerCount\":1,\"acceptedAnswer\":{\"@type\":\"Answer\",\"text\":\"Firma Fike, z kt\u00f3r\u0105 wsp\u00f3lpracujemy od wielu lat, posiada wiele dodatkowych element\u00f3w, w kt\u00f3re mo\u017cna wyposa\u017cy\u0107 p\u0142yty bezpiecze\u0144stwa. Nale\u017c\u0105 do nich np. czujnik rozerwania, uszczelki, os\u0142ona pogodowa EX-Cover lub os\u0142ona termiczna ArmaFlex. Pe\u0142n\u0105 gam\u0119 produkt\u00f3w znajdziecie Pa\u0144stwo na naszej stronie.\",\"inLanguage\":\"de\"},\"inLanguage\":\"de\"},{\"@type\":\"Question\",\"@id\":\"https:\/\/corona1.eu\/de\/faq\/#faq-question-1662986921400\",\"position\":35,\"url\":\"https:\/\/corona1.eu\/de\/faq\/#faq-question-1662986921400\",\"name\":\"Jaki jest \u015bredni czas oczekiwania na zam\u00f3wion\u0105 p\u0142yt\u0119 bezpiecze\u0144stwa?\",\"answerCount\":1,\"acceptedAnswer\":{\"@type\":\"Answer\",\"text\":\"Czas oczekiwania zale\u017cny jest od ilo\u015bci zam\u00f3wionych p\u0142yt i ich rodzaju. Zwykle czas potrzebny na realizacj\u0119 zam\u00f3wienia wynosi 5 - 10 dni roboczych. Niekt\u00f3re p\u0142yty dost\u0119pne s\u0105 od r\u0119ki w naszym magazynie w Polsce.\",\"inLanguage\":\"de\"},\"inLanguage\":\"de\"},{\"@type\":\"Question\",\"@id\":\"https:\/\/corona1.eu\/de\/faq\/#faq-question-1662986935858\",\"position\":36,\"url\":\"https:\/\/corona1.eu\/de\/faq\/#faq-question-1662986935858\",\"name\":\"W swoim zak\u0142adzie pracy posiadam filtr, kt\u00f3ry zosta\u0142 wyposa\u017cony przez producenta w p\u0142yt\u0119 bezpiecze\u0144stwa, czy mog\u0119 uzna\u0107, \u017ce urz\u0105dzenie jest w pe\u0142ni bezpieczne?\",\"answerCount\":1,\"acceptedAnswer\":{\"@type\":\"Answer\",\"text\":\"Niestey nie. Poza zapewnieniem odci\u0105\u017cania wybuchu poprzez p\u0142yt\u0119 bezpiecze\u0144stwa nale\u017cy tak\u017ce wyposa\u017cy\u0107 urz\u0105dzenie w system odsprz\u0119gania wybuchu (uniemo\u017cliwienie propagacji wybuchu na inne elementy instalacji). W tym celu s\u0142u\u017c\u0105 m.in. klapa zwrotna Valvex, zawory szybkozamykaj\u0105ce FAV lub system aktywnej izolacji wybuchu za pomoc\u0105 butli SRD.\",\"inLanguage\":\"de\"},\"inLanguage\":\"de\"},{\"@type\":\"Question\",\"@id\":\"https:\/\/corona1.eu\/de\/faq\/#faq-question-1662986953650\",\"position\":37,\"url\":\"https:\/\/corona1.eu\/de\/faq\/#faq-question-1662986953650\",\"name\":\"W swoim zak\u0142adzie posiadam wiele przeno\u015bnik\u00f3w kube\u0142kowych, czy istnieje prosty i ekonomiczny spos\u00f3b ich zabezpieczenia?\",\"answerCount\":1,\"acceptedAnswer\":{\"@type\":\"Answer\",\"text\":\"Proponujemy specjalnie dedykowane dla przeno\u015bnik\u00f3w kube\u0142kowych p\u0142yty bezpiecze\u0144stwa typu EleGuard. S\u0105 one \u0142atwym w monta\u017cu i ekonomicznym sposobem na zabezpieczenie w\u0142a\u015bnie przeno\u015bnik\u00f3w kube\u0142kowych. W celach om\u00f3wienia szczeg\u00f3\u0142\u00f3w prosimy o kontakt z naszymi specjalistami.\",\"inLanguage\":\"de\"},\"inLanguage\":\"de\"},{\"@type\":\"Question\",\"@id\":\"https:\/\/corona1.eu\/de\/faq\/#faq-question-1662986967823\",\"position\":38,\"url\":\"https:\/\/corona1.eu\/de\/faq\/#faq-question-1662986967823\",\"name\":\"W moim zak\u0142adzie mam urz\u0105dzenie, kt\u00f3re jest zabezpieczone aluminiowymi blachami, czy takie rozwi\u0105zanie jest akceptowalne?\",\"answerCount\":1,\"acceptedAnswer\":{\"@type\":\"Answer\",\"text\":\"Absolutnie nie. Na podstawie obowi\u0105zuj\u0105cych przepis\u00f3w ka\u017cde urz\u0105dzenie, kt\u00f3re s\u0142u\u017cy jako zabezpieczenie przeciwwybuchowe, musi posiada\u0107 stosowny certyfikat ATEX.\",\"inLanguage\":\"de\"},\"inLanguage\":\"de\"},{\"@type\":\"Question\",\"@id\":\"https:\/\/corona1.eu\/de\/faq\/#faq-question-1662986980048\",\"position\":39,\"url\":\"https:\/\/corona1.eu\/de\/faq\/#faq-question-1662986980048\",\"name\":\"Posiadam ju\u017c p\u0142yt\u0119 bezpiecze\u0144stwa , jednak chcia\u0142bym j\u0105 doposa\u017cy\u0107 np. w czujnik rozerwania. Czy jest to mo\u017cliwe doposa\u017cenie p\u0142yty bez konieczno\u015bci wymiany jej na now\u0105?\",\"answerCount\":1,\"acceptedAnswer\":{\"@type\":\"Answer\",\"text\":\"Oczywi\u015bcie. Wymiana p\u0142yty nie jest wymagana. Ka\u017cda zakupiona p\u0142yta mo\u017ce zosta\u0107 doposa\u017cona np. w czujnik rozerwania czy te\u017c os\u0142on\u0119 pogodow\u0105.\",\"inLanguage\":\"de\"},\"inLanguage\":\"de\"},{\"@type\":\"Question\",\"@id\":\"https:\/\/corona1.eu\/de\/faq\/#faq-question-1662986993373\",\"position\":40,\"url\":\"https:\/\/corona1.eu\/de\/faq\/#faq-question-1662986993373\",\"name\":\"Z ilu warstw sk\u0142ada si\u0119 p\u0142yta bezpiecze\u0144stwa?\",\"answerCount\":1,\"acceptedAnswer\":{\"@type\":\"Answer\",\"text\":\"W odr\u00f3\u017cnieniu od p\u0142yt bezpiecze\u0144stwa konkurencji, ka\u017cda p\u0142yta bezpiecze\u0144stwa firmy Fike jest p\u0142yt\u0105 kompozytow\u0105 tzn. sk\u0142ada si\u0119 z 3 warstw: stal nierdzewna - uszczelnienie teflonowe - stal nierdzewna. Tego typu rozwi\u0105zanie w istotny spos\u00f3b wp\u0142ywa na \u017cywotno\u015b\u0107 i trwa\u0142o\u015b\u0107 zakupionego urz\u0105dzenia.\",\"inLanguage\":\"de\"},\"inLanguage\":\"de\"},{\"@type\":\"Question\",\"@id\":\"https:\/\/corona1.eu\/de\/faq\/#faq-question-1662987081157\",\"position\":41,\"url\":\"https:\/\/corona1.eu\/de\/faq\/#faq-question-1662987081157\",\"name\":\"Jak d\u0142ugi jest czas gwarancji detektor\u00f3w ognia spectrex 40\/40?\",\"answerCount\":1,\"acceptedAnswer\":{\"@type\":\"Answer\",\"text\":\"Detektory Ognia Spectrex 40\/40 posiadaj\u0105 5 lat gwarancji.\",\"inLanguage\":\"de\"},\"inLanguage\":\"de\"},{\"@type\":\"Question\",\"@id\":\"https:\/\/corona1.eu\/de\/faq\/#faq-question-1662987093469\",\"position\":42,\"url\":\"https:\/\/corona1.eu\/de\/faq\/#faq-question-1662987093469\",\"name\":\"Czy detektory Gazu Spectrex Quasar mo\u017cna zastosowa\u0107 do wykrywania amoniaku?\",\"answerCount\":1,\"acceptedAnswer\":{\"@type\":\"Answer\",\"text\":\"Detektory otwartej \u015bcie\u017cki Spectrex SafEye Quasar 960 wykrywaj\u0105 gazy na odleg\u0142o\u015bci do 80m mog\u0105 by\u0107 dostosowane indywidualnie pod Pa\u0144stwa wymaganie w taki spos\u00f3b, aby jak najlepiej chroni\u0107 \u017cycie i zdrowie Pa\u0144stwa pracownik\u00f3w oraz zapewni\u0107 trwa\u0142o\u015b\u0107 instalacji wysokiego ryzyka. Niezawodno\u015b\u0107 tego systemu jest zapewniona certyfikatem SIL 2.\",\"inLanguage\":\"de\"},\"inLanguage\":\"de\"},{\"@type\":\"Question\",\"@id\":\"https:\/\/corona1.eu\/de\/faq\/#faq-question-1662987106420\",\"position\":43,\"url\":\"https:\/\/corona1.eu\/de\/faq\/#faq-question-1662987106420\",\"name\":\"Czy detektory Gazu Spectrex Quasar mo\u017cna zastosowa\u0107 do wykrywania amoniaku?\",\"answerCount\":1,\"acceptedAnswer\":{\"@type\":\"Answer\",\"text\":\"Jako \u017ce od detektora ognia zale\u017cy bezpiecze\u0144stwo instalacji wa\u017cne jest, aby detektor zosta\u0142 odpowiednio dobrany. Istnieje kilka typ\u00f3w detektor\u00f3w \u2013 takie, kt\u00f3re \\\"widz\u0105\\\" w IR, UV oraz UV\/IR spektrum. R\u00f3\u017cne media podczas po\u017caru wykazuj\u0105 inn\u0105 aktywno\u015b\u0107 spektraln\u0105. Zatem odpowiednio dobrany detektor pozwoli skutecznie zapewni\u0107 bezpiecze\u0144stwo w Pa\u0144stwa zak\u0142adach.\",\"inLanguage\":\"de\"},\"inLanguage\":\"de\"},{\"@type\":\"Question\",\"@id\":\"https:\/\/corona1.eu\/de\/faq\/#faq-question-1662987118637\",\"position\":44,\"url\":\"https:\/\/corona1.eu\/de\/faq\/#faq-question-1662987118637\",\"name\":\"Czy mo\u017cna zastosowa\u0107 detektory gazu otwartej \u015bcie\u017cki w zast\u0119pstwie detektor\u00f3w punktowych\",\"answerCount\":1,\"acceptedAnswer\":{\"@type\":\"Answer\",\"text\":\"Tak, jak najbardziej. Jedna para detektor\u00f3w gazu otwartej \u015bcie\u017cki potrafi zast\u0105pi\u0107 nawet do kilkudziesi\u0119ciu detektor\u00f3w punktowych.\",\"inLanguage\":\"de\"},\"inLanguage\":\"de\"},{\"@type\":\"Question\",\"@id\":\"https:\/\/corona1.eu\/de\/faq\/#faq-question-1662987082588\",\"position\":45,\"url\":\"https:\/\/corona1.eu\/de\/faq\/#faq-question-1662987082588\",\"name\":\"Czemu tak wa\u017cne jest, aby przy doborze zawor\u00f3w bezpiecze\u0144stwa znane by\u0142y wszystkie wymagane parametry?\",\"answerCount\":1,\"acceptedAnswer\":{\"@type\":\"Answer\",\"text\":\"Zaw\u00f3r bezpiecze\u0144stwa jest urz\u0105dzeniem, kt\u00f3re stoi w ostatniej linii ratunkowej dla instalacji przemys\u0142owej. W momencie, gdy wszystkie inne zabezpieczenia zawiod\u0105, jedynym ratunkiem jest wyrzut ci\u015bnienia poza instalacj\u0119. Aby w takim przypadku dzia\u0142anie zawor\u00f3w bezpiecze\u0144stwa by\u0142o jak najbardziej skuteczne musz\u0105 one zosta\u0107 odpowiednio dobrane. A to jest mo\u017cliwe wtedy, kiedy znane s\u0105 wszystkie wymagane parametry.\",\"inLanguage\":\"de\"},\"inLanguage\":\"de\"},{\"@type\":\"Question\",\"@id\":\"https:\/\/corona1.eu\/de\/faq\/#faq-question-1662987147666\",\"position\":46,\"url\":\"https:\/\/corona1.eu\/de\/faq\/#faq-question-1662987147666\",\"name\":\"Czy rozwi\u0105zanie Sergi Transformer Protector chroni transformator jedynie przed wybuchem czy r\u00f3wnie\u017c podczas po\u017caru?\",\"answerCount\":1,\"acceptedAnswer\":{\"@type\":\"Answer\",\"text\":\"System Tranformer Protector pozwala na ochron\u0119 transformatora nie tylko podczas wybuchu, ale r\u00f3wnie\u017c podczas po\u017caru. W momencie, gdy transformator zacznie si\u0119 pali\u0107, kad\u017a jest sch\u0142adzana za pomoc\u0105 azotu. Dzi\u0119ki temu gaszenie po\u017caru jest niezwykle skuteczne i szybkie.\",\"inLanguage\":\"de\"},\"inLanguage\":\"de\"},{\"@type\":\"Question\",\"@id\":\"https:\/\/corona1.eu\/de\/faq\/#faq-question-1662987160295\",\"position\":47,\"url\":\"https:\/\/corona1.eu\/de\/faq\/#faq-question-1662987160295\",\"name\":\"Czy by\u0142y przeprowadzane testy systemu Transformer Protector?\",\"answerCount\":1,\"acceptedAnswer\":{\"@type\":\"Answer\",\"text\":\"W celu udowodnienia skuteczno\u015bci TP przeprowadzono 62 testy, kt\u00f3re udowodni\u0142y, \u017ce TP ka\u017cdorazowo ochroni\u0142 kad\u017a transformatora, unikaj\u0105c przy tym trwa\u0142ych deformacji.\",\"inLanguage\":\"de\"},\"inLanguage\":\"de\"},{\"@type\":\"Question\",\"@id\":\"https:\/\/corona1.eu\/de\/faq\/#faq-question-1662987172535\",\"position\":48,\"url\":\"https:\/\/corona1.eu\/de\/faq\/#faq-question-1662987172535\",\"name\":\"Czy system Transformer Protector jest zgodny z NFPA?\",\"answerCount\":1,\"acceptedAnswer\":{\"@type\":\"Answer\",\"text\":\"Tak, system TRANSFORMER PROTECTOR jest zgodny z kodeksem ameryka\u0144skiego Zwi\u0105zku Ochrony Przeciwpo\u017carowej - National Fire Association (NFA),NFPA 850.\",\"inLanguage\":\"de\"},\"inLanguage\":\"de\"},{\"@type\":\"Question\",\"@id\":\"https:\/\/corona1.eu\/de\/faq\/#faq-question-1662987226176\",\"position\":49,\"url\":\"https:\/\/corona1.eu\/de\/faq\/#faq-question-1662987226176\",\"name\":\"Czym firma CORONA r\u00f3\u017cni si\u0119 od innych tego typu na rynku?\",\"answerCount\":1,\"acceptedAnswer\":{\"@type\":\"Answer\",\"text\":\"Dzia\u0142amy od 1991 roku. Od przesz\u0142o 30 lat wsp\u00f3\u0142pracujemy z najlepszymi specjalistami z ca\u0142ej Europy i reprezentujemy najbardziej renomowanych producent\u00f3w. Nie boimy si\u0119 tak\u017ce wdra\u017ca\u0107 pionierskich projekt\u00f3w z zakresu zabezpiecze\u0144 przeciwwybuchowych. Ochrona \u017cycia, zdrowia i mienia to nasza misja. Zach\u0119camy do zapoznania si\u0119 ze szczeg\u00f3\u0142ow\u0105 ofert\u0105 dost\u0119pn\u0105 na naszej stronie b\u0105d\u017a bezpo\u015bredniego kontaktu z naszymi specjalistami.\",\"inLanguage\":\"de\"},\"inLanguage\":\"de\"},{\"@type\":\"Question\",\"@id\":\"https:\/\/corona1.eu\/de\/faq\/#faq-question-1662987252541\",\"position\":50,\"url\":\"https:\/\/corona1.eu\/de\/faq\/#faq-question-1662987252541\",\"name\":\"Jakie us\u0142ugi oferuje firma CORONA?\",\"answerCount\":1,\"acceptedAnswer\":{\"@type\":\"Answer\",\"text\":\"Przede wszystkim dzia\u0142amy kompleksowo \u2013 nasza bogata oferta posiada nie tylko najlepsze na rynku zabezpieczenia przeciwwybuchowe takie jak m.in. plytki bezpiecze\u0144stwa, zawory oddechowe czy butle HRD, ale tak\u017ce ca\u0142odobowy serwis, mo\u017cliwo\u015b\u0107 sporz\u0105dzania dokumentacji wymaganej przepisami czy mo\u017cliwo\u015b\u0107 przeprowadzenia audytu w zakresie bezpiecze\u0144stwa zak\u0142adu. Szczeg\u00f3\u0142owy zakres naszej oferty znajduje si\u0119 na naszej stronie. Zach\u0119camy tak\u017ce do bezpo\u015bredniego kontaktu z naszymi specjalistami, kt\u00f3rzy z ch\u0119ci\u0105 odpowiedz\u0105 na wszystkie Pa\u0144stwa pytania.\",\"inLanguage\":\"de\"},\"inLanguage\":\"de\"},{\"@type\":\"Question\",\"@id\":\"https:\/\/corona1.eu\/de\/faq\/#faq-question-1662987260052\",\"position\":51,\"url\":\"https:\/\/corona1.eu\/de\/faq\/#faq-question-1662987260052\",\"name\":\"Gdzie znajduje si\u0119 siedziba firmy CORONA?\",\"answerCount\":1,\"acceptedAnswer\":{\"@type\":\"Answer\",\"text\":\"Nasza siedziba mie\u015bci si\u0119 w Katowicach przy ul. Baildona 16\/27.\",\"inLanguage\":\"de\"},\"inLanguage\":\"de\"},{\"@type\":\"Question\",\"@id\":\"https:\/\/corona1.eu\/de\/faq\/#faq-question-1662987271922\",\"position\":52,\"url\":\"https:\/\/corona1.eu\/de\/faq\/#faq-question-1662987271922\",\"name\":\"W jakich godzinach firma jest otwarta?\",\"answerCount\":1,\"acceptedAnswer\":{\"@type\":\"Answer\",\"text\":\"Biuro pracuje od 8:00 do 16:30. Mo\u017cliwe jest oczywi\u015bcie um\u00f3wienie si\u0119 z naszymi ekspertami na spotkanie w innych godzinach, w dogodnym dla Pa\u0144stwa miejscu. W tym celu prosimy o kontakt telefoniczny b\u0105d\u017a mailowy.\",\"inLanguage\":\"de\"},\"inLanguage\":\"de\"},{\"@type\":\"Question\",\"@id\":\"https:\/\/corona1.eu\/de\/faq\/#faq-question-1662987227773\",\"position\":53,\"url\":\"https:\/\/corona1.eu\/de\/faq\/#faq-question-1662987227773\",\"name\":\"Ile os\u00f3b pracuje w CORONA?\",\"answerCount\":1,\"acceptedAnswer\":{\"@type\":\"Answer\",\"text\":\"Obecnie zatrudniamy ponad 40 najlepszych ekspert\u00f3w w bran\u017cy, jednak dynamiczny rozw\u00f3j firmy i du\u017ce zainteresowanie naszymi us\u0142ugami sprawiaj\u0105, \u017ce nasze szeregi ci\u0105gle si\u0119 poszerzaj\u0105.\",\"inLanguage\":\"de\"},\"inLanguage\":\"de\"},{\"@type\":\"Question\",\"@id\":\"https:\/\/corona1.eu\/de\/faq\/#faq-question-1662987297334\",\"position\":54,\"url\":\"https:\/\/corona1.eu\/de\/faq\/#faq-question-1662987297334\",\"name\":\"Jak mo\u017cna zacz\u0105\u0107 prac\u0119 w CORONA?\",\"answerCount\":1,\"acceptedAnswer\":{\"@type\":\"Answer\",\"text\":\"Nieustanny rozw\u00f3j firmy sprawia, \u017ce zainteresowanie prac\u0105 w naszych szeregach jest bardzo du\u017ce. Stwarzamy warunki rozwoju zar\u00f3wno dla os\u00f3b rozpoczynaj\u0105cych swoj\u0105 karier\u0119 zawodow\u0105, jak r\u00f3wnie\u017c dla os\u00f3b maj\u0105cych kilkuletnie do\u015bwiadczenie zawodowe. Dzi\u0119ki starannemu procesowi rekrutacji, nasza kadra in\u017cynier\u00f3w i serwisant\u00f3w gwarantuje klientom firmy us\u0142ugi na najwy\u017cszym poziomie. Ch\u0119tni do pracy w naszych szeregach mog\u0105 wysy\u0142a\u0107 swoje aplikacje na adres: rekrutacja@corona.org.pl\",\"inLanguage\":\"de\"},\"inLanguage\":\"de\"},{\"@type\":\"Question\",\"@id\":\"https:\/\/corona1.eu\/de\/faq\/#faq-question-1662987310371\",\"position\":55,\"url\":\"https:\/\/corona1.eu\/de\/faq\/#faq-question-1662987310371\",\"name\":\"Czy mog\u0119 Was znale\u017a\u0107 w mediach spo\u0142eczno\u015bciowych?\",\"answerCount\":1,\"acceptedAnswer\":{\"@type\":\"Answer\",\"text\":\"Jak najbardziej. Prowadzimy nasz fanpage na facebooku oraz profil na linkedin. Dzi\u0119ki temu, mo\u017cecie by\u0107 Pa\u0144stwo na bie\u017c\u0105co z najnowszymi informacjami z bran\u017cy. Prowadzimy tak\u017ce nasz autorski kana\u0142 na youtube (coronaserwis.tv), gdzie w prosty i nieskomplikowany spos\u00f3b nasi eksperci staraj\u0105 si\u0119 wyja\u015bni\u0107 specyfik\u0119 funkcjonowania bran\u017cy i najnowszych rozwi\u0105za\u0144. Zach\u0119camy r\u00f3wnie\u017c do czytania naszego bloga, gdzie znajdziecie Pa\u0144stwo spor\u0105 dawk\u0119 fachowej wiedzy.\",\"inLanguage\":\"de\"},\"inLanguage\":\"de\"}]}<\/script>\n<!-- \/ Yoast SEO plugin. -->","yoast_head_json":{"title":"FAQ - CORONA Serwis","robots":{"index":"index","follow":"follow","max-snippet":"max-snippet:-1","max-image-preview":"max-image-preview:large","max-video-preview":"max-video-preview:-1"},"canonical":"https:\/\/corona1.eu\/de\/faq\/","og_locale":"de_DE","og_type":"article","og_title":"FAQ - CORONA Serwis","og_description":"H\u00e4ufig gestellte Fragen Sicherheitsschilder Wartung Funkenerkennung und -l\u00f6schung Flammenlose Entlastung, Sicherheitsplatten Detektoren, Ventile, Transformatorschutzschalter \u00dcber [&hellip;]","og_url":"https:\/\/corona1.eu\/de\/faq\/","og_site_name":"CORONA Serwis","article_modified_time":"2025-07-10T09:10:43+00:00","og_image":[{"width":2048,"height":1027,"url":"https:\/\/corona1.eu\/de\/wp-content\/uploads\/2025\/07\/wyniki_wyszkiwania_pomniejszone.jpg","type":"image\/jpeg"}],"twitter_card":"summary_large_image","twitter_misc":{"Gesch\u00e4tzte Lesezeit":"15\u00a0Minuten"},"schema":{"@context":"https:\/\/schema.org","@graph":[{"@type":["WebPage","FAQPage"],"@id":"https:\/\/corona1.eu\/de\/faq\/","url":"https:\/\/corona1.eu\/de\/faq\/","name":"FAQ - CORONA Serwis","isPartOf":{"@id":"https:\/\/corona1.eu\/de\/#website"},"primaryImageOfPage":{"@id":"https:\/\/corona1.eu\/de\/faq\/#primaryimage"},"image":{"@id":"https:\/\/corona1.eu\/de\/faq\/#primaryimage"},"thumbnailUrl":"https:\/\/corona1.eu\/de\/wp-content\/uploads\/2025\/07\/wyniki_wyszkiwania_pomniejszone.jpg","datePublished":"2025-07-10T09:07:07+00:00","dateModified":"2025-07-10T09:10:43+00:00","breadcrumb":{"@id":"https:\/\/corona1.eu\/de\/faq\/#breadcrumb"},"mainEntity":[{"@id":"https:\/\/corona1.eu\/de\/faq\/#faq-question-1662984964172"},{"@id":"https:\/\/corona1.eu\/de\/faq\/#faq-question-1662985021914"},{"@id":"https:\/\/corona1.eu\/de\/faq\/#faq-question-1662985033229"},{"@id":"https:\/\/corona1.eu\/de\/faq\/#faq-question-1662985048801"},{"@id":"https:\/\/corona1.eu\/de\/faq\/#faq-question-1662985064176"},{"@id":"https:\/\/corona1.eu\/de\/faq\/#faq-question-1662984968187"},{"@id":"https:\/\/corona1.eu\/de\/faq\/#faq-question-1662985096803"},{"@id":"https:\/\/corona1.eu\/de\/faq\/#faq-question-1662985119699"},{"@id":"https:\/\/corona1.eu\/de\/faq\/#faq-question-1662985128574"},{"@id":"https:\/\/corona1.eu\/de\/faq\/#faq-question-1662985330439"},{"@id":"https:\/\/corona1.eu\/de\/faq\/#faq-question-1662985843297"},{"@id":"https:\/\/corona1.eu\/de\/faq\/#faq-question-1662985869449"},{"@id":"https:\/\/corona1.eu\/de\/faq\/#faq-question-1662985885966"},{"@id":"https:\/\/corona1.eu\/de\/faq\/#faq-question-1662985845757"},{"@id":"https:\/\/corona1.eu\/de\/faq\/#faq-question-1662985914411"},{"@id":"https:\/\/corona1.eu\/de\/faq\/#faq-question-1662986166876"},{"@id":"https:\/\/corona1.eu\/de\/faq\/#faq-question-1662986186772"},{"@id":"https:\/\/corona1.eu\/de\/faq\/#faq-question-1662986199958"},{"@id":"https:\/\/corona1.eu\/de\/faq\/#faq-question-1662986215296"},{"@id":"https:\/\/corona1.eu\/de\/faq\/#faq-question-1662986227763"},{"@id":"https:\/\/corona1.eu\/de\/faq\/#faq-question-1662986169763"},{"@id":"https:\/\/corona1.eu\/de\/faq\/#faq-question-1662986313164"},{"@id":"https:\/\/corona1.eu\/de\/faq\/#faq-question-1662986328996"},{"@id":"https:\/\/corona1.eu\/de\/faq\/#faq-question-1662986346139"},{"@id":"https:\/\/corona1.eu\/de\/faq\/#faq-question-1662986362180"},{"@id":"https:\/\/corona1.eu\/de\/faq\/#faq-question-1662986784212"},{"@id":"https:\/\/corona1.eu\/de\/faq\/#faq-question-1662986804256"},{"@id":"https:\/\/corona1.eu\/de\/faq\/#faq-question-1662986817607"},{"@id":"https:\/\/corona1.eu\/de\/faq\/#faq-question-1662986831283"},{"@id":"https:\/\/corona1.eu\/de\/faq\/#faq-question-1662986845666"},{"@id":"https:\/\/corona1.eu\/de\/faq\/#faq-question-1662986859417"},{"@id":"https:\/\/corona1.eu\/de\/faq\/#faq-question-1662986873445"},{"@id":"https:\/\/corona1.eu\/de\/faq\/#faq-question-1662986887341"},{"@id":"https:\/\/corona1.eu\/de\/faq\/#faq-question-1662986786755"},{"@id":"https:\/\/corona1.eu\/de\/faq\/#faq-question-1662986921400"},{"@id":"https:\/\/corona1.eu\/de\/faq\/#faq-question-1662986935858"},{"@id":"https:\/\/corona1.eu\/de\/faq\/#faq-question-1662986953650"},{"@id":"https:\/\/corona1.eu\/de\/faq\/#faq-question-1662986967823"},{"@id":"https:\/\/corona1.eu\/de\/faq\/#faq-question-1662986980048"},{"@id":"https:\/\/corona1.eu\/de\/faq\/#faq-question-1662986993373"},{"@id":"https:\/\/corona1.eu\/de\/faq\/#faq-question-1662987081157"},{"@id":"https:\/\/corona1.eu\/de\/faq\/#faq-question-1662987093469"},{"@id":"https:\/\/corona1.eu\/de\/faq\/#faq-question-1662987106420"},{"@id":"https:\/\/corona1.eu\/de\/faq\/#faq-question-1662987118637"},{"@id":"https:\/\/corona1.eu\/de\/faq\/#faq-question-1662987082588"},{"@id":"https:\/\/corona1.eu\/de\/faq\/#faq-question-1662987147666"},{"@id":"https:\/\/corona1.eu\/de\/faq\/#faq-question-1662987160295"},{"@id":"https:\/\/corona1.eu\/de\/faq\/#faq-question-1662987172535"},{"@id":"https:\/\/corona1.eu\/de\/faq\/#faq-question-1662987226176"},{"@id":"https:\/\/corona1.eu\/de\/faq\/#faq-question-1662987252541"},{"@id":"https:\/\/corona1.eu\/de\/faq\/#faq-question-1662987260052"},{"@id":"https:\/\/corona1.eu\/de\/faq\/#faq-question-1662987271922"},{"@id":"https:\/\/corona1.eu\/de\/faq\/#faq-question-1662987227773"},{"@id":"https:\/\/corona1.eu\/de\/faq\/#faq-question-1662987297334"},{"@id":"https:\/\/corona1.eu\/de\/faq\/#faq-question-1662987310371"}],"inLanguage":"de","potentialAction":[{"@type":"ReadAction","target":["https:\/\/corona1.eu\/de\/faq\/"]}]},{"@type":"ImageObject","inLanguage":"de","@id":"https:\/\/corona1.eu\/de\/faq\/#primaryimage","url":"https:\/\/corona1.eu\/de\/wp-content\/uploads\/2025\/07\/wyniki_wyszkiwania_pomniejszone.jpg","contentUrl":"https:\/\/corona1.eu\/de\/wp-content\/uploads\/2025\/07\/wyniki_wyszkiwania_pomniejszone.jpg","width":2048,"height":1027},{"@type":"BreadcrumbList","@id":"https:\/\/corona1.eu\/de\/faq\/#breadcrumb","itemListElement":[{"@type":"ListItem","position":1,"name":"Startseite","item":"https:\/\/corona1.eu\/de\/"},{"@type":"ListItem","position":2,"name":"FAQ"}]},{"@type":"WebSite","@id":"https:\/\/corona1.eu\/de\/#website","url":"https:\/\/corona1.eu\/de\/","name":"CORONA Serwis","description":"","potentialAction":[{"@type":"SearchAction","target":{"@type":"EntryPoint","urlTemplate":"https:\/\/corona1.eu\/de\/?s={search_term_string}"},"query-input":{"@type":"PropertyValueSpecification","valueRequired":true,"valueName":"search_term_string"}}],"inLanguage":"de"},{"@type":"Question","@id":"https:\/\/corona1.eu\/de\/faq\/#faq-question-1662984964172","position":1,"url":"https:\/\/corona1.eu\/de\/faq\/#faq-question-1662984964172","name":"Co to jest P\u0142ytka bezpiecze\u0144stwa?","answerCount":1,"acceptedAnswer":{"@type":"Answer","text":"P\u0142ytka bezpiecze\u0144stwa jest urz\u0105dzeniem zabezpieczaj\u0105cym instalacje, aparaty i urz\u0105dzenia procesowe przed nadmiernym wzrostem lub spadkiem ci\u015bnienia. Urz\u0105dzenia te pe\u0142ni\u0105 analogiczn\u0105 rol\u0119, jak zawory bezpiecze\u0144stwa.","inLanguage":"de"},"inLanguage":"de"},{"@type":"Question","@id":"https:\/\/corona1.eu\/de\/faq\/#faq-question-1662985021914","position":2,"url":"https:\/\/corona1.eu\/de\/faq\/#faq-question-1662985021914","name":"Co to jest Holder?","answerCount":1,"acceptedAnswer":{"@type":"Answer","text":"Holder (uchwyt) to specjalny ko\u0142nierz monta\u017cowy dla p\u0142ytki bezpiecze\u0144stwa. Niekt\u00f3re typy p\u0142ytek (przy niskich ci\u015bnieniach) s\u0105 przystosowane do monta\u017cu bezpo\u015brednio pomi\u0119dzy ko\u0142nierze (bez konieczno\u015bci stosowania specjalnych uchwyt\u00f3w).","inLanguage":"de"},"inLanguage":"de"},{"@type":"Question","@id":"https:\/\/corona1.eu\/de\/faq\/#faq-question-1662985033229","position":3,"url":"https:\/\/corona1.eu\/de\/faq\/#faq-question-1662985033229","name":"Co to jest P\u0142ytka sanitarna?","answerCount":1,"acceptedAnswer":{"@type":"Answer","text":"Jest to specjalna grupa p\u0142ytek dedykowana do zastosowa\u0144 w bran\u017cy farmaceutycznej, spo\u017cywczej czy te\u017c biotechnologii. Idealnie g\u0142adka konstrukcja zapobiega osadzaniu si\u0119 na p\u0142ytce medi\u00f3w procesowych (RA elektropolerka). Firma Fike dla p\u0142ytek sanitarnych stosuje r\u00f3wnie\u017c specjalny, unikatowy i aseptyczny spos\u00f3b pakowania.","inLanguage":"de"},"inLanguage":"de"},{"@type":"Question","@id":"https:\/\/corona1.eu\/de\/faq\/#faq-question-1662985048801","position":4,"url":"https:\/\/corona1.eu\/de\/faq\/#faq-question-1662985048801","name":"Jakie jest ci\u015bnienie rozerwania p\u0142ytki?","answerCount":1,"acceptedAnswer":{"@type":"Answer","text":"Ci\u015bnienie rozerwania p\u0142ytki bezpiecze\u0144stwa jest ka\u017cdorazowo dostosowane do unikalnych wymog\u00f3w instalacji lub urz\u0105dzenia.","inLanguage":"de"},"inLanguage":"de"},{"@type":"Question","@id":"https:\/\/corona1.eu\/de\/faq\/#faq-question-1662985064176","position":5,"url":"https:\/\/corona1.eu\/de\/faq\/#faq-question-1662985064176","name":"Jaka jest tolerancja rozerwania p\u0142ytek bezpiecze\u0144stwa?","answerCount":1,"acceptedAnswer":{"@type":"Answer","text":"Tolerancja rozerwania okre\u015bla zakres ci\u015bnienia, w jakim nast\u0105pi otwarcie p\u0142ytki bezpiecze\u0144stwa (np.  \/- 5%,10% od za\u0142o\u017conego nominalnego ci\u015bnienia rozerwania).","inLanguage":"de"},"inLanguage":"de"},{"@type":"Question","@id":"https:\/\/corona1.eu\/de\/faq\/#faq-question-1662984968187","position":6,"url":"https:\/\/corona1.eu\/de\/faq\/#faq-question-1662984968187","name":"Kto przeprowadza przegl\u0105dy p\u0142ytek bezpiecze\u0144stwa na instalacji?","answerCount":1,"acceptedAnswer":{"@type":"Answer","text":"Przegl\u0105dy okresowe (wizualne) mo\u017ce przeprowadzi\u0107 u\u017cytkownik instalacji lub opiekun UDT.","inLanguage":"de"},"inLanguage":"de"},{"@type":"Question","@id":"https:\/\/corona1.eu\/de\/faq\/#faq-question-1662985096803","position":7,"url":"https:\/\/corona1.eu\/de\/faq\/#faq-question-1662985096803","name":"Jaki jest czas gwarancji dla p\u0142ytek bezpiecze\u0144stwa?","answerCount":1,"acceptedAnswer":{"@type":"Answer","text":"Wszystko zale\u017cy od modelu p\u0142ytki. Okres gwarancji wynosi zwykle od 12 do 36 miesi\u0119cy.","inLanguage":"de"},"inLanguage":"de"},{"@type":"Question","@id":"https:\/\/corona1.eu\/de\/faq\/#faq-question-1662985119699","position":8,"url":"https:\/\/corona1.eu\/de\/faq\/#faq-question-1662985119699","name":"Czy p\u0142ytki bezpiecze\u0144stwa s\u0105 dost\u0119pne \u201eod r\u0119ki\u201d (na stanie magazynowym)?","answerCount":1,"acceptedAnswer":{"@type":"Answer","text":"To zale\u017cy. P\u0142ytka bezpiecze\u0144stwa najcz\u0119\u015bciej jest produkowana na indywidualne zam\u00f3wienie klienta, pod parametry procesowe danej instalacji. Czas dostawy wynosi standardowo ok. 3-4 tygodnie. Za dodatkowa op\u0142at\u0105 (opcja: HOT SHOT) mo\u017cliwe jest jednak przyspieszenie tego procesu nawet do 2 dni roboczych.","inLanguage":"de"},"inLanguage":"de"},{"@type":"Question","@id":"https:\/\/corona1.eu\/de\/faq\/#faq-question-1662985128574","position":9,"url":"https:\/\/corona1.eu\/de\/faq\/#faq-question-1662985128574","name":"Jakie parametry s\u0105 potrzebne do doboru p\u0142ytki bezpiecze\u0144stwa?","answerCount":1,"acceptedAnswer":{"@type":"Answer","text":"Aby prawid\u0142owo dobra\u0107 p\u0142ytk\u0119 bezpiecze\u0144stwa nale\u017cy okre\u015bli\u0107:<br\/>\u00b7 ci\u015bnienie rozerwania<br\/>\u00b7 temperatur\u0119 rozerwania (je\u017celi nie jest podana, ustala si\u0119 j\u0105 domy\u015blnie na 22\u00b0C)<br\/>\u00b7 rozmiar p\u0142ytki bezpiecze\u0144stwa i klas\u0119 ko\u0142nierza do monta\u017cu p\u0142ytki<br\/>\u00b7 materia\u0142 z jakiego ma zosta\u0107 wykonana p\u0142ytka bezpiecze\u0144stwa<br\/>\u00b7 ilo\u015b\u0107 zamawianych sztuk","inLanguage":"de"},"inLanguage":"de"},{"@type":"Question","@id":"https:\/\/corona1.eu\/de\/faq\/#faq-question-1662985330439","position":10,"url":"https:\/\/corona1.eu\/de\/faq\/#faq-question-1662985330439","name":"Jak montujemy p\u0142ytki?","answerCount":1,"acceptedAnswer":{"@type":"Answer","text":"Instrukcja monta\u017cu i obs\u0142ugi zawsze za\u0142\u0105czona jest do przesy\u0142ki z p\u0142ytkami. Wizualizacj\u0119 tego, jak montowana jest p\u0142ytka bezpiecze\u0144stwa w instalacji, mo\u017cecie Pa\u0144stwo zobaczy\u0107 na naszym kanale<a href=\"https:\/\/www.youtube.com\/watch?v=uyWr1oWLK6s\"> youtube<\/a>","inLanguage":"de"},"inLanguage":"de"},{"@type":"Question","@id":"https:\/\/corona1.eu\/de\/faq\/#faq-question-1662985843297","position":11,"url":"https:\/\/corona1.eu\/de\/faq\/#faq-question-1662985843297","name":"Czy na czas prac serwisowych instalacja powinna by\u0107 wy\u0142\u0105czona?","answerCount":1,"acceptedAnswer":{"@type":"Answer","text":"Tak, wszystkie prace serwisowe wykonywane s\u0105 z zastrze\u017ceniem wstrzymania ruchu urz\u0105dze\u0144.","inLanguage":"de"},"inLanguage":"de"},{"@type":"Question","@id":"https:\/\/corona1.eu\/de\/faq\/#faq-question-1662985869449","position":12,"url":"https:\/\/corona1.eu\/de\/faq\/#faq-question-1662985869449","name":"Jaki jest czas oczekiwania na serwis po awarii\/aktywacji?","answerCount":1,"acceptedAnswer":{"@type":"Answer","text":"Nasz serwis dzia\u0142a codziennie, 24 godziny na dob\u0119. Zawsze staramy si\u0119, aby usuni\u0119cie awarii oraz odbudowa systemu odbywa\u0142y si\u0119 w jak najkr\u00f3tszym mo\u017cliwym terminie.","inLanguage":"de"},"inLanguage":"de"},{"@type":"Question","@id":"https:\/\/corona1.eu\/de\/faq\/#faq-question-1662985885966","position":13,"url":"https:\/\/corona1.eu\/de\/faq\/#faq-question-1662985885966","name":"Jaki jest czas oczekiwania na planowy serwis?","answerCount":1,"acceptedAnswer":{"@type":"Answer","text":"Standardowy czas oczekiwania na przegl\u0105d planowy wynosi od 72 do 120 godzin. Czas liczony jest od momentu z\u0142o\u017cenia zam\u00f3wienia. Zawsze staramy si\u0119 jednak ustali\u0107 mo\u017cliwie najszybszy i najbardziej dogodnym dla Pa\u0144stwa termin. W zale\u017cno\u015bci od rodzaju zawartej umowy serwisowej, mo\u017cliwy jest tak\u017ce czas reakcji nawet do 2 godzin.","inLanguage":"de"},"inLanguage":"de"},{"@type":"Question","@id":"https:\/\/corona1.eu\/de\/faq\/#faq-question-1662985845757","position":14,"url":"https:\/\/corona1.eu\/de\/faq\/#faq-question-1662985845757","name":"Jak cz\u0119sto nale\u017cy wykonywa\u0107 serwis?","answerCount":1,"acceptedAnswer":{"@type":"Answer","text":"Producent zaleca wykonywanie przegl\u0105d\u00f3w w zale\u017cno\u015bci od obci\u0105\u017cenia i \u015brodowiska pracy. Zgodnie z Rozporz\u0105dzeniem Ministra Rozwoju z dnia 6 czerwca 2016r. w sprawie wymaga\u0144 dla urz\u0105dze\u0144 i system\u00f3w ochronnych przeznaczonych do u\u017cytku w atmosferze potencjalnie wybuchowej (Dz. U, poz. 817) przegl\u0105d powinien odbywa\u0107 si\u0119 przynajmniej <strong>raz w roku<\/strong>.","inLanguage":"de"},"inLanguage":"de"},{"@type":"Question","@id":"https:\/\/corona1.eu\/de\/faq\/#faq-question-1662985914411","position":15,"url":"https:\/\/corona1.eu\/de\/faq\/#faq-question-1662985914411","name":"Jaki jest standardowy czas trwania serwisu?","answerCount":1,"acceptedAnswer":{"@type":"Answer","text":"Wszystko zale\u017cy od wielko\u015bci instalacji. Przyk\u0142adowo, do du\u017cych system\u00f3w, gdzie przestoje mog\u0105 trwa\u0107 powy\u017cej 5 dni, czas trwania serwisu to zwykle ok. 4 godziny.","inLanguage":"de"},"inLanguage":"de"},{"@type":"Question","@id":"https:\/\/corona1.eu\/de\/faq\/#faq-question-1662986166876","position":16,"url":"https:\/\/corona1.eu\/de\/faq\/#faq-question-1662986166876","name":"Ile kosztuje system detekcji iskier?","answerCount":1,"acceptedAnswer":{"@type":"Answer","text":"Wszystko zale\u017cy od wielko\u015bci systemu. Cena ustalana jest po dok\u0142adnej analizie i uzyskaniu od Pa\u0144stwa potrzebnych do tego informacji (sla danej instalacji).","inLanguage":"de"},"inLanguage":"de"},{"@type":"Question","@id":"https:\/\/corona1.eu\/de\/faq\/#faq-question-1662986186772","position":17,"url":"https:\/\/corona1.eu\/de\/faq\/#faq-question-1662986186772","name":"Jaki jest czas gwarancji na system detekcji iskier?","answerCount":1,"acceptedAnswer":{"@type":"Answer","text":"Od momentu uruchomienia instalacji, czas gwarancji na system detekcji wynosi 12 miesi\u0119cy lub d\u0142u\u017cej.","inLanguage":"de"},"inLanguage":"de"},{"@type":"Question","@id":"https:\/\/corona1.eu\/de\/faq\/#faq-question-1662986199958","position":18,"url":"https:\/\/corona1.eu\/de\/faq\/#faq-question-1662986199958","name":"Jak cz\u0119sto system detekcji powinien by\u0107 serwisowany?","answerCount":1,"acceptedAnswer":{"@type":"Answer","text":"Ka\u017cdy system przeciwpo\u017carowy powinien by\u0107 przynajmniej raz w roku kontrolowany przez autoryzowany serwis. Jednak dla zapewnienia lepszej pracy systemu, serwisu najlepiej dokonywa\u0107 dwa razy w roku. To indywidualna decyzja u\u017cytkownika, kt\u00f3ra powinna zosta\u0107 podj\u0119ta z uwzgl\u0119dnieniem ryzyka dla danego ci\u0105gu technologicznego.","inLanguage":"de"},"inLanguage":"de"},{"@type":"Question","@id":"https:\/\/corona1.eu\/de\/faq\/#faq-question-1662986215296","position":19,"url":"https:\/\/corona1.eu\/de\/faq\/#faq-question-1662986215296","name":"Jakie s\u0105 koszty serwisu?","answerCount":1,"acceptedAnswer":{"@type":"Answer","text":"Cena za us\u0142ug\u0119 ustalana jest indywidualnie i zale\u017cna jest od wielko\u015bci instalacji oraz dost\u0119pu do jej element\u00f3w.","inLanguage":"de"},"inLanguage":"de"},{"@type":"Question","@id":"https:\/\/corona1.eu\/de\/faq\/#faq-question-1662986227763","position":20,"url":"https:\/\/corona1.eu\/de\/faq\/#faq-question-1662986227763","name":"Czy po zako\u0144czeniu uruchomienia wykonywane jest szkolenie?","answerCount":1,"acceptedAnswer":{"@type":"Answer","text":"Tak. Po instalacji systemu, wyznaczone przez Pa\u0144stwa osoby przejd\u0105 odpowiednie szkolenie.","inLanguage":"de"},"inLanguage":"de"},{"@type":"Question","@id":"https:\/\/corona1.eu\/de\/faq\/#faq-question-1662986169763","position":21,"url":"https:\/\/corona1.eu\/de\/faq\/#faq-question-1662986169763","name":"Kto powinien by\u0107 przeszkolony?","answerCount":1,"acceptedAnswer":{"@type":"Answer","text":"Najlepiej osoba, kt\u00f3ra jest odpowiedzialna za proces produkcji: kierownik, brygadzista, team leader lub inny wyznaczony przez Pa\u0144stwa pracownik.","inLanguage":"de"},"inLanguage":"de"},{"@type":"Question","@id":"https:\/\/corona1.eu\/de\/faq\/#faq-question-1662986313164","position":22,"url":"https:\/\/corona1.eu\/de\/faq\/#faq-question-1662986313164","name":"W jakim miejscu powinna by\u0107 centrala systemu?","answerCount":1,"acceptedAnswer":{"@type":"Answer","text":"Najlepiej w miejscu, w kt\u00f3rym znajduje si\u0119 operator. Dzi\u0119ki temu, mo\u017cliwa b\u0119dzie szybka weryfikacja komunikatu z panelu steruj\u0105cego.","inLanguage":"de"},"inLanguage":"de"},{"@type":"Question","@id":"https:\/\/corona1.eu\/de\/faq\/#faq-question-1662986328996","position":23,"url":"https:\/\/corona1.eu\/de\/faq\/#faq-question-1662986328996","name":"Czy czujniki wykrywania iskier musz\u0105 by\u0107 zabezpieczone przed oddzia\u0142ywaniem warunk\u00f3w atmosferycznych?","answerCount":1,"acceptedAnswer":{"@type":"Answer","text":"Nie ma takiej konieczno\u015bci. Czujniki montowane s\u0105 na ruroci\u0105gach lub zsypach i ich konstrukcja pozwala na prace w ka\u017cdych warunkach atmosferycznych.","inLanguage":"de"},"inLanguage":"de"},{"@type":"Question","@id":"https:\/\/corona1.eu\/de\/faq\/#faq-question-1662986346139","position":24,"url":"https:\/\/corona1.eu\/de\/faq\/#faq-question-1662986346139","name":"Czy mo\u017cliwa jest kontrola systemu bez wy\u0142\u0105czania odpylania?","answerCount":1,"acceptedAnswer":{"@type":"Answer","text":"Nie ma takiej mo\u017cliwo\u015bci. Podczas kontroli czujniki <strong>musz\u0105 by\u0107 wy\u0142\u0105czone<\/strong>. W przypadku uruchomionego urz\u0105dzenia w trakcie kontroli mog\u0142oby doj\u015b\u0107 do niebezpiecznego zdarzenia, a bezpiecze\u0144stwo os\u00f3b przeprowadzaj\u0105cych kontrol\u0119 jest najwa\u017cniejsze. Przepisy BHP kategorycznie wykluczaj\u0105 mo\u017cliwo\u015b\u0107 pracy na w\u0142\u0105czonym urz\u0105dzeniu.","inLanguage":"de"},"inLanguage":"de"},{"@type":"Question","@id":"https:\/\/corona1.eu\/de\/faq\/#faq-question-1662986362180","position":25,"url":"https:\/\/corona1.eu\/de\/faq\/#faq-question-1662986362180","name":"Czy jeste\u015bmy w stanie wykona\u0107 instalacje w trybie \u201epod klucz\u201d?","answerCount":1,"acceptedAnswer":{"@type":"Answer","text":"Tak. Je\u017celi Pa\u0144stwo sobie tego \u017cycz\u0105, nasi in\u017cynierowie bior\u0105 pe\u0142n\u0105 odpowiedzialno\u015b\u0107 za kompleksow\u0105 realizacj\u0119 wszystkich etap\u00f3w inwestycji \u2013 od projektu, przez produkcj\u0119 kluczowych element\u00f3w uk\u0142adu, po monta\u017c oraz uruchomienie nowej instalacji. Oferta obejmuje tak\u017ce p\u00f3\u017aniejszy serwis.","inLanguage":"de"},"inLanguage":"de"},{"@type":"Question","@id":"https:\/\/corona1.eu\/de\/faq\/#faq-question-1662986784212","position":26,"url":"https:\/\/corona1.eu\/de\/faq\/#faq-question-1662986784212","name":"Czy bezp\u0142omieniowe odci\u0105\u017canie \u201eFlameQuench\u201c to produkt jednorazowego u\u017cytku?","answerCount":1,"acceptedAnswer":{"@type":"Answer","text":"P\u0142yta urz\u0105dzenia jest jednorazowego u\u017cytku, natomiast w zale\u017cno\u015bci od wybuchu, w przerywaczu wymieniona mo\u017ce zosta\u0107 siatka t\u0142umi\u0105ca.","inLanguage":"de"},"inLanguage":"de"},{"@type":"Question","@id":"https:\/\/corona1.eu\/de\/faq\/#faq-question-1662986804256","position":27,"url":"https:\/\/corona1.eu\/de\/faq\/#faq-question-1662986804256","name":"Jak d\u0142ugo system mo\u017ce by\u0107 zainstalowany w przypadku, kiedy nie nast\u0119puje wybuch?","answerCount":1,"acceptedAnswer":{"@type":"Answer","text":"Nie ma ograniczenia czasowego czy terminu wa\u017cno\u015bci. Konieczno\u015b\u0107 wymiany mo\u017ce spowodowa\u0107 jedynie silne i cz\u0119ste oddzia\u0142ywanie czynnik\u00f3w atmosferycznych lub procesowych. Dobr\u0105 praktyk\u0105 jest zweryfikowanie i wymiana podstawowych element\u00f3w po 10 latach eksploatacji.","inLanguage":"de"},"inLanguage":"de"},{"@type":"Question","@id":"https:\/\/corona1.eu\/de\/faq\/#faq-question-1662986817607","position":28,"url":"https:\/\/corona1.eu\/de\/faq\/#faq-question-1662986817607","name":"Jak cz\u0119sto nale\u017cy przeprowadza\u0107 kontrol\u0119 sprz\u0119tu i ile taka kontrola kosztuje?","answerCount":1,"acceptedAnswer":{"@type":"Answer","text":"Zgodnie z Rozporz\u0105dzeniem Ministra Rozwoju z dnia 6 czerwca 2016r. w sprawie wymaga\u0144 dla urz\u0105dze\u0144 i system\u00f3w ochronnych przeznaczonych do u\u017cytku w atmosferze potencjalnie wybuchowej (Dz. U, poz. 817) przegl\u0105d powinien odbywa\u0107 si\u0119 przynajmniej raz w roku. Koszt takiej kontroli zale\u017cy od jej zakresu. W celu om\u00f3wienia szczeg\u00f3\u0142\u00f3w zapraszamy do kontaktu z naszymi specjalistami.","inLanguage":"de"},"inLanguage":"de"},{"@type":"Question","@id":"https:\/\/corona1.eu\/de\/faq\/#faq-question-1662986831283","position":29,"url":"https:\/\/corona1.eu\/de\/faq\/#faq-question-1662986831283","name":"Czy mo\u017cliwe jest zast\u0105pienie systemu HRD pasywnym zabezpieczeniem tak, aby rozwi\u0105zanie na przestrzeni np. 10 lat okaza\u0142o si\u0119 bardziej ekonomiczne?","answerCount":1,"acceptedAnswer":{"@type":"Answer","text":"Wszystko zale\u017cy od instalacji. W niekt\u00f3rych przypadkach mo\u017ce nie by\u0107 takiej opcji. To zale\u017cy czy jest to mo\u017cliwe na danej technologii. W celu weryfikacji prosimy o kontakt z naszymi specjalistami, kt\u00f3rzy dobior\u0105 dla Pa\u0144stwa najlepsze mo\u017cliwe rozwi\u0105zania.","inLanguage":"de"},"inLanguage":"de"},{"@type":"Question","@id":"https:\/\/corona1.eu\/de\/faq\/#faq-question-1662986845666","position":30,"url":"https:\/\/corona1.eu\/de\/faq\/#faq-question-1662986845666","name":"Jakie dane techniczne powinny zosta\u0107 udost\u0119pnione, aby mo\u017cliwe by\u0142o przygotowanie oferty na zabezpieczenie przeciwwybuchowe?","answerCount":1,"acceptedAnswer":{"@type":"Answer","text":"W celu przygotowywania oferty, potrzebujemy od Pa\u0144stwa przede wszystkim informacji dotycz\u0105cych aparatu, kt\u00f3ry ma zosta\u0107 zabezpieczony tzn. rysunek techniczny, schemat technologiczny, opis procesu technologicznego. Ponadto, konieczne s\u0105 tak\u017ce dane dotyczace wytrzyma\u0142o\u015bci urz\u0105dzenia - parametr Pred (ci\u015bnienie zredukowane). Podstawow\u0105 informacj\u0105 dla nas jest tak\u017ce to, jaki py\u0142 znajduj\u0119 si\u0119 w instalacji \u2013 jego rodzaj, parametry Kst (wska\u017anik wybuchowo\u015bci) i Pmax (maksymalne ci\u015bnienie wybuchu).","inLanguage":"de"},"inLanguage":"de"},{"@type":"Question","@id":"https:\/\/corona1.eu\/de\/faq\/#faq-question-1662986859417","position":31,"url":"https:\/\/corona1.eu\/de\/faq\/#faq-question-1662986859417","name":"Czy p\u0142yta bezpiecze\u0144stwa jest urz\u0105dzeniem wielokrotnego u\u017cytku?","answerCount":1,"acceptedAnswer":{"@type":"Answer","text":"Nie, p\u0142yta bezpiecze\u0144stwa nie jest urz\u0105dzeniem wielokrotnego u\u017cytku. Wskazuje na to sama nazwa \u201epanel rozrywny\u201c. Zatem po ka\u017cdorazowym otwarciu si\u0119 p\u0142yty, nale\u017cy wymieni\u0107 j\u0105 na now\u0105.","inLanguage":"de"},"inLanguage":"de"},{"@type":"Question","@id":"https:\/\/corona1.eu\/de\/faq\/#faq-question-1662986873445","position":32,"url":"https:\/\/corona1.eu\/de\/faq\/#faq-question-1662986873445","name":"Czy posiadaj\u0105 Pa\u0144stwo p\u0142yty bezpiecze\u0144stwa na swoim magazynie?","answerCount":1,"acceptedAnswer":{"@type":"Answer","text":"Standardowo p\u0142yty bezpiecze\u0144stwa dzielimy na te, kt\u00f3re produkowane s\u0105 na indywidualne zam\u00f3wienie klienta oraz na p\u0142yty standardowe (dost\u0119pne od r\u0119ki). Z uwagi na ilo\u015b\u0107 zabezpieczanych przez nas instalacji przemys\u0142owych w Polsce i krajach o\u015bciennych, cz\u0119\u015b\u0107 p\u0142yt bezpiecze\u0144stwa znajduje si\u0119 w naszym wewn\u0119trznym magazynie, dzi\u0119ki czemu dost\u0119pne s\u0105 od r\u0119ki.","inLanguage":"de"},"inLanguage":"de"},{"@type":"Question","@id":"https:\/\/corona1.eu\/de\/faq\/#faq-question-1662986887341","position":33,"url":"https:\/\/corona1.eu\/de\/faq\/#faq-question-1662986887341","name":"Czy zabezpieczenie mojego urz\u0105dzenia sam\u0105 p\u0142yt\u0105 bezpiecze\u0144stwa wystarczy?","answerCount":1,"acceptedAnswer":{"@type":"Answer","text":"W celu zapewnienie pe\u0142nego bezpiecze\u0144stwa instalacji, urz\u0105dzenie powinno zosta\u0107 zabezpieczone uk\u0142adem bezp\u0142omieniowym np. przerywaczem p\u0142omienia FlamQuench, aktywnym systemem t\u0142umienia wybuchu (butla HRD), b\u0105d\u017a poprzez wykonanie kana\u0142u dekompresyjnego, kt\u00f3ry umo\u017cliwi wyprowadzenie powsta\u0142ej w wyniku wybuchu kuli ognia do atmosfery.","inLanguage":"de"},"inLanguage":"de"},{"@type":"Question","@id":"https:\/\/corona1.eu\/de\/faq\/#faq-question-1662986786755","position":34,"url":"https:\/\/corona1.eu\/de\/faq\/#faq-question-1662986786755","name":"Jakie s\u0105 mo\u017cliwe dost\u0119pne akcesoria, kt\u00f3rymi mo\u017cna doposa\u017cy\u0107 p\u0142yty bezpiecze\u0144stwa?","answerCount":1,"acceptedAnswer":{"@type":"Answer","text":"Firma Fike, z kt\u00f3r\u0105 wsp\u00f3lpracujemy od wielu lat, posiada wiele dodatkowych element\u00f3w, w kt\u00f3re mo\u017cna wyposa\u017cy\u0107 p\u0142yty bezpiecze\u0144stwa. Nale\u017c\u0105 do nich np. czujnik rozerwania, uszczelki, os\u0142ona pogodowa EX-Cover lub os\u0142ona termiczna ArmaFlex. Pe\u0142n\u0105 gam\u0119 produkt\u00f3w znajdziecie Pa\u0144stwo na naszej stronie.","inLanguage":"de"},"inLanguage":"de"},{"@type":"Question","@id":"https:\/\/corona1.eu\/de\/faq\/#faq-question-1662986921400","position":35,"url":"https:\/\/corona1.eu\/de\/faq\/#faq-question-1662986921400","name":"Jaki jest \u015bredni czas oczekiwania na zam\u00f3wion\u0105 p\u0142yt\u0119 bezpiecze\u0144stwa?","answerCount":1,"acceptedAnswer":{"@type":"Answer","text":"Czas oczekiwania zale\u017cny jest od ilo\u015bci zam\u00f3wionych p\u0142yt i ich rodzaju. Zwykle czas potrzebny na realizacj\u0119 zam\u00f3wienia wynosi 5 - 10 dni roboczych. Niekt\u00f3re p\u0142yty dost\u0119pne s\u0105 od r\u0119ki w naszym magazynie w Polsce.","inLanguage":"de"},"inLanguage":"de"},{"@type":"Question","@id":"https:\/\/corona1.eu\/de\/faq\/#faq-question-1662986935858","position":36,"url":"https:\/\/corona1.eu\/de\/faq\/#faq-question-1662986935858","name":"W swoim zak\u0142adzie pracy posiadam filtr, kt\u00f3ry zosta\u0142 wyposa\u017cony przez producenta w p\u0142yt\u0119 bezpiecze\u0144stwa, czy mog\u0119 uzna\u0107, \u017ce urz\u0105dzenie jest w pe\u0142ni bezpieczne?","answerCount":1,"acceptedAnswer":{"@type":"Answer","text":"Niestey nie. Poza zapewnieniem odci\u0105\u017cania wybuchu poprzez p\u0142yt\u0119 bezpiecze\u0144stwa nale\u017cy tak\u017ce wyposa\u017cy\u0107 urz\u0105dzenie w system odsprz\u0119gania wybuchu (uniemo\u017cliwienie propagacji wybuchu na inne elementy instalacji). W tym celu s\u0142u\u017c\u0105 m.in. klapa zwrotna Valvex, zawory szybkozamykaj\u0105ce FAV lub system aktywnej izolacji wybuchu za pomoc\u0105 butli SRD.","inLanguage":"de"},"inLanguage":"de"},{"@type":"Question","@id":"https:\/\/corona1.eu\/de\/faq\/#faq-question-1662986953650","position":37,"url":"https:\/\/corona1.eu\/de\/faq\/#faq-question-1662986953650","name":"W swoim zak\u0142adzie posiadam wiele przeno\u015bnik\u00f3w kube\u0142kowych, czy istnieje prosty i ekonomiczny spos\u00f3b ich zabezpieczenia?","answerCount":1,"acceptedAnswer":{"@type":"Answer","text":"Proponujemy specjalnie dedykowane dla przeno\u015bnik\u00f3w kube\u0142kowych p\u0142yty bezpiecze\u0144stwa typu EleGuard. S\u0105 one \u0142atwym w monta\u017cu i ekonomicznym sposobem na zabezpieczenie w\u0142a\u015bnie przeno\u015bnik\u00f3w kube\u0142kowych. W celach om\u00f3wienia szczeg\u00f3\u0142\u00f3w prosimy o kontakt z naszymi specjalistami.","inLanguage":"de"},"inLanguage":"de"},{"@type":"Question","@id":"https:\/\/corona1.eu\/de\/faq\/#faq-question-1662986967823","position":38,"url":"https:\/\/corona1.eu\/de\/faq\/#faq-question-1662986967823","name":"W moim zak\u0142adzie mam urz\u0105dzenie, kt\u00f3re jest zabezpieczone aluminiowymi blachami, czy takie rozwi\u0105zanie jest akceptowalne?","answerCount":1,"acceptedAnswer":{"@type":"Answer","text":"Absolutnie nie. Na podstawie obowi\u0105zuj\u0105cych przepis\u00f3w ka\u017cde urz\u0105dzenie, kt\u00f3re s\u0142u\u017cy jako zabezpieczenie przeciwwybuchowe, musi posiada\u0107 stosowny certyfikat ATEX.","inLanguage":"de"},"inLanguage":"de"},{"@type":"Question","@id":"https:\/\/corona1.eu\/de\/faq\/#faq-question-1662986980048","position":39,"url":"https:\/\/corona1.eu\/de\/faq\/#faq-question-1662986980048","name":"Posiadam ju\u017c p\u0142yt\u0119 bezpiecze\u0144stwa , jednak chcia\u0142bym j\u0105 doposa\u017cy\u0107 np. w czujnik rozerwania. Czy jest to mo\u017cliwe doposa\u017cenie p\u0142yty bez konieczno\u015bci wymiany jej na now\u0105?","answerCount":1,"acceptedAnswer":{"@type":"Answer","text":"Oczywi\u015bcie. Wymiana p\u0142yty nie jest wymagana. Ka\u017cda zakupiona p\u0142yta mo\u017ce zosta\u0107 doposa\u017cona np. w czujnik rozerwania czy te\u017c os\u0142on\u0119 pogodow\u0105.","inLanguage":"de"},"inLanguage":"de"},{"@type":"Question","@id":"https:\/\/corona1.eu\/de\/faq\/#faq-question-1662986993373","position":40,"url":"https:\/\/corona1.eu\/de\/faq\/#faq-question-1662986993373","name":"Z ilu warstw sk\u0142ada si\u0119 p\u0142yta bezpiecze\u0144stwa?","answerCount":1,"acceptedAnswer":{"@type":"Answer","text":"W odr\u00f3\u017cnieniu od p\u0142yt bezpiecze\u0144stwa konkurencji, ka\u017cda p\u0142yta bezpiecze\u0144stwa firmy Fike jest p\u0142yt\u0105 kompozytow\u0105 tzn. sk\u0142ada si\u0119 z 3 warstw: stal nierdzewna - uszczelnienie teflonowe - stal nierdzewna. Tego typu rozwi\u0105zanie w istotny spos\u00f3b wp\u0142ywa na \u017cywotno\u015b\u0107 i trwa\u0142o\u015b\u0107 zakupionego urz\u0105dzenia.","inLanguage":"de"},"inLanguage":"de"},{"@type":"Question","@id":"https:\/\/corona1.eu\/de\/faq\/#faq-question-1662987081157","position":41,"url":"https:\/\/corona1.eu\/de\/faq\/#faq-question-1662987081157","name":"Jak d\u0142ugi jest czas gwarancji detektor\u00f3w ognia spectrex 40\/40?","answerCount":1,"acceptedAnswer":{"@type":"Answer","text":"Detektory Ognia Spectrex 40\/40 posiadaj\u0105 5 lat gwarancji.","inLanguage":"de"},"inLanguage":"de"},{"@type":"Question","@id":"https:\/\/corona1.eu\/de\/faq\/#faq-question-1662987093469","position":42,"url":"https:\/\/corona1.eu\/de\/faq\/#faq-question-1662987093469","name":"Czy detektory Gazu Spectrex Quasar mo\u017cna zastosowa\u0107 do wykrywania amoniaku?","answerCount":1,"acceptedAnswer":{"@type":"Answer","text":"Detektory otwartej \u015bcie\u017cki Spectrex SafEye Quasar 960 wykrywaj\u0105 gazy na odleg\u0142o\u015bci do 80m mog\u0105 by\u0107 dostosowane indywidualnie pod Pa\u0144stwa wymaganie w taki spos\u00f3b, aby jak najlepiej chroni\u0107 \u017cycie i zdrowie Pa\u0144stwa pracownik\u00f3w oraz zapewni\u0107 trwa\u0142o\u015b\u0107 instalacji wysokiego ryzyka. Niezawodno\u015b\u0107 tego systemu jest zapewniona certyfikatem SIL 2.","inLanguage":"de"},"inLanguage":"de"},{"@type":"Question","@id":"https:\/\/corona1.eu\/de\/faq\/#faq-question-1662987106420","position":43,"url":"https:\/\/corona1.eu\/de\/faq\/#faq-question-1662987106420","name":"Czy detektory Gazu Spectrex Quasar mo\u017cna zastosowa\u0107 do wykrywania amoniaku?","answerCount":1,"acceptedAnswer":{"@type":"Answer","text":"Jako \u017ce od detektora ognia zale\u017cy bezpiecze\u0144stwo instalacji wa\u017cne jest, aby detektor zosta\u0142 odpowiednio dobrany. Istnieje kilka typ\u00f3w detektor\u00f3w \u2013 takie, kt\u00f3re \"widz\u0105\" w IR, UV oraz UV\/IR spektrum. R\u00f3\u017cne media podczas po\u017caru wykazuj\u0105 inn\u0105 aktywno\u015b\u0107 spektraln\u0105. Zatem odpowiednio dobrany detektor pozwoli skutecznie zapewni\u0107 bezpiecze\u0144stwo w Pa\u0144stwa zak\u0142adach.","inLanguage":"de"},"inLanguage":"de"},{"@type":"Question","@id":"https:\/\/corona1.eu\/de\/faq\/#faq-question-1662987118637","position":44,"url":"https:\/\/corona1.eu\/de\/faq\/#faq-question-1662987118637","name":"Czy mo\u017cna zastosowa\u0107 detektory gazu otwartej \u015bcie\u017cki w zast\u0119pstwie detektor\u00f3w punktowych","answerCount":1,"acceptedAnswer":{"@type":"Answer","text":"Tak, jak najbardziej. Jedna para detektor\u00f3w gazu otwartej \u015bcie\u017cki potrafi zast\u0105pi\u0107 nawet do kilkudziesi\u0119ciu detektor\u00f3w punktowych.","inLanguage":"de"},"inLanguage":"de"},{"@type":"Question","@id":"https:\/\/corona1.eu\/de\/faq\/#faq-question-1662987082588","position":45,"url":"https:\/\/corona1.eu\/de\/faq\/#faq-question-1662987082588","name":"Czemu tak wa\u017cne jest, aby przy doborze zawor\u00f3w bezpiecze\u0144stwa znane by\u0142y wszystkie wymagane parametry?","answerCount":1,"acceptedAnswer":{"@type":"Answer","text":"Zaw\u00f3r bezpiecze\u0144stwa jest urz\u0105dzeniem, kt\u00f3re stoi w ostatniej linii ratunkowej dla instalacji przemys\u0142owej. W momencie, gdy wszystkie inne zabezpieczenia zawiod\u0105, jedynym ratunkiem jest wyrzut ci\u015bnienia poza instalacj\u0119. Aby w takim przypadku dzia\u0142anie zawor\u00f3w bezpiecze\u0144stwa by\u0142o jak najbardziej skuteczne musz\u0105 one zosta\u0107 odpowiednio dobrane. A to jest mo\u017cliwe wtedy, kiedy znane s\u0105 wszystkie wymagane parametry.","inLanguage":"de"},"inLanguage":"de"},{"@type":"Question","@id":"https:\/\/corona1.eu\/de\/faq\/#faq-question-1662987147666","position":46,"url":"https:\/\/corona1.eu\/de\/faq\/#faq-question-1662987147666","name":"Czy rozwi\u0105zanie Sergi Transformer Protector chroni transformator jedynie przed wybuchem czy r\u00f3wnie\u017c podczas po\u017caru?","answerCount":1,"acceptedAnswer":{"@type":"Answer","text":"System Tranformer Protector pozwala na ochron\u0119 transformatora nie tylko podczas wybuchu, ale r\u00f3wnie\u017c podczas po\u017caru. W momencie, gdy transformator zacznie si\u0119 pali\u0107, kad\u017a jest sch\u0142adzana za pomoc\u0105 azotu. Dzi\u0119ki temu gaszenie po\u017caru jest niezwykle skuteczne i szybkie.","inLanguage":"de"},"inLanguage":"de"},{"@type":"Question","@id":"https:\/\/corona1.eu\/de\/faq\/#faq-question-1662987160295","position":47,"url":"https:\/\/corona1.eu\/de\/faq\/#faq-question-1662987160295","name":"Czy by\u0142y przeprowadzane testy systemu Transformer Protector?","answerCount":1,"acceptedAnswer":{"@type":"Answer","text":"W celu udowodnienia skuteczno\u015bci TP przeprowadzono 62 testy, kt\u00f3re udowodni\u0142y, \u017ce TP ka\u017cdorazowo ochroni\u0142 kad\u017a transformatora, unikaj\u0105c przy tym trwa\u0142ych deformacji.","inLanguage":"de"},"inLanguage":"de"},{"@type":"Question","@id":"https:\/\/corona1.eu\/de\/faq\/#faq-question-1662987172535","position":48,"url":"https:\/\/corona1.eu\/de\/faq\/#faq-question-1662987172535","name":"Czy system Transformer Protector jest zgodny z NFPA?","answerCount":1,"acceptedAnswer":{"@type":"Answer","text":"Tak, system TRANSFORMER PROTECTOR jest zgodny z kodeksem ameryka\u0144skiego Zwi\u0105zku Ochrony Przeciwpo\u017carowej - National Fire Association (NFA),NFPA 850.","inLanguage":"de"},"inLanguage":"de"},{"@type":"Question","@id":"https:\/\/corona1.eu\/de\/faq\/#faq-question-1662987226176","position":49,"url":"https:\/\/corona1.eu\/de\/faq\/#faq-question-1662987226176","name":"Czym firma CORONA r\u00f3\u017cni si\u0119 od innych tego typu na rynku?","answerCount":1,"acceptedAnswer":{"@type":"Answer","text":"Dzia\u0142amy od 1991 roku. Od przesz\u0142o 30 lat wsp\u00f3\u0142pracujemy z najlepszymi specjalistami z ca\u0142ej Europy i reprezentujemy najbardziej renomowanych producent\u00f3w. Nie boimy si\u0119 tak\u017ce wdra\u017ca\u0107 pionierskich projekt\u00f3w z zakresu zabezpiecze\u0144 przeciwwybuchowych. Ochrona \u017cycia, zdrowia i mienia to nasza misja. Zach\u0119camy do zapoznania si\u0119 ze szczeg\u00f3\u0142ow\u0105 ofert\u0105 dost\u0119pn\u0105 na naszej stronie b\u0105d\u017a bezpo\u015bredniego kontaktu z naszymi specjalistami.","inLanguage":"de"},"inLanguage":"de"},{"@type":"Question","@id":"https:\/\/corona1.eu\/de\/faq\/#faq-question-1662987252541","position":50,"url":"https:\/\/corona1.eu\/de\/faq\/#faq-question-1662987252541","name":"Jakie us\u0142ugi oferuje firma CORONA?","answerCount":1,"acceptedAnswer":{"@type":"Answer","text":"Przede wszystkim dzia\u0142amy kompleksowo \u2013 nasza bogata oferta posiada nie tylko najlepsze na rynku zabezpieczenia przeciwwybuchowe takie jak m.in. plytki bezpiecze\u0144stwa, zawory oddechowe czy butle HRD, ale tak\u017ce ca\u0142odobowy serwis, mo\u017cliwo\u015b\u0107 sporz\u0105dzania dokumentacji wymaganej przepisami czy mo\u017cliwo\u015b\u0107 przeprowadzenia audytu w zakresie bezpiecze\u0144stwa zak\u0142adu. Szczeg\u00f3\u0142owy zakres naszej oferty znajduje si\u0119 na naszej stronie. Zach\u0119camy tak\u017ce do bezpo\u015bredniego kontaktu z naszymi specjalistami, kt\u00f3rzy z ch\u0119ci\u0105 odpowiedz\u0105 na wszystkie Pa\u0144stwa pytania.","inLanguage":"de"},"inLanguage":"de"},{"@type":"Question","@id":"https:\/\/corona1.eu\/de\/faq\/#faq-question-1662987260052","position":51,"url":"https:\/\/corona1.eu\/de\/faq\/#faq-question-1662987260052","name":"Gdzie znajduje si\u0119 siedziba firmy CORONA?","answerCount":1,"acceptedAnswer":{"@type":"Answer","text":"Nasza siedziba mie\u015bci si\u0119 w Katowicach przy ul. Baildona 16\/27.","inLanguage":"de"},"inLanguage":"de"},{"@type":"Question","@id":"https:\/\/corona1.eu\/de\/faq\/#faq-question-1662987271922","position":52,"url":"https:\/\/corona1.eu\/de\/faq\/#faq-question-1662987271922","name":"W jakich godzinach firma jest otwarta?","answerCount":1,"acceptedAnswer":{"@type":"Answer","text":"Biuro pracuje od 8:00 do 16:30. Mo\u017cliwe jest oczywi\u015bcie um\u00f3wienie si\u0119 z naszymi ekspertami na spotkanie w innych godzinach, w dogodnym dla Pa\u0144stwa miejscu. W tym celu prosimy o kontakt telefoniczny b\u0105d\u017a mailowy.","inLanguage":"de"},"inLanguage":"de"},{"@type":"Question","@id":"https:\/\/corona1.eu\/de\/faq\/#faq-question-1662987227773","position":53,"url":"https:\/\/corona1.eu\/de\/faq\/#faq-question-1662987227773","name":"Ile os\u00f3b pracuje w CORONA?","answerCount":1,"acceptedAnswer":{"@type":"Answer","text":"Obecnie zatrudniamy ponad 40 najlepszych ekspert\u00f3w w bran\u017cy, jednak dynamiczny rozw\u00f3j firmy i du\u017ce zainteresowanie naszymi us\u0142ugami sprawiaj\u0105, \u017ce nasze szeregi ci\u0105gle si\u0119 poszerzaj\u0105.","inLanguage":"de"},"inLanguage":"de"},{"@type":"Question","@id":"https:\/\/corona1.eu\/de\/faq\/#faq-question-1662987297334","position":54,"url":"https:\/\/corona1.eu\/de\/faq\/#faq-question-1662987297334","name":"Jak mo\u017cna zacz\u0105\u0107 prac\u0119 w CORONA?","answerCount":1,"acceptedAnswer":{"@type":"Answer","text":"Nieustanny rozw\u00f3j firmy sprawia, \u017ce zainteresowanie prac\u0105 w naszych szeregach jest bardzo du\u017ce. Stwarzamy warunki rozwoju zar\u00f3wno dla os\u00f3b rozpoczynaj\u0105cych swoj\u0105 karier\u0119 zawodow\u0105, jak r\u00f3wnie\u017c dla os\u00f3b maj\u0105cych kilkuletnie do\u015bwiadczenie zawodowe. Dzi\u0119ki starannemu procesowi rekrutacji, nasza kadra in\u017cynier\u00f3w i serwisant\u00f3w gwarantuje klientom firmy us\u0142ugi na najwy\u017cszym poziomie. Ch\u0119tni do pracy w naszych szeregach mog\u0105 wysy\u0142a\u0107 swoje aplikacje na adres: rekrutacja@corona.org.pl","inLanguage":"de"},"inLanguage":"de"},{"@type":"Question","@id":"https:\/\/corona1.eu\/de\/faq\/#faq-question-1662987310371","position":55,"url":"https:\/\/corona1.eu\/de\/faq\/#faq-question-1662987310371","name":"Czy mog\u0119 Was znale\u017a\u0107 w mediach spo\u0142eczno\u015bciowych?","answerCount":1,"acceptedAnswer":{"@type":"Answer","text":"Jak najbardziej. Prowadzimy nasz fanpage na facebooku oraz profil na linkedin. Dzi\u0119ki temu, mo\u017cecie by\u0107 Pa\u0144stwo na bie\u017c\u0105co z najnowszymi informacjami z bran\u017cy. Prowadzimy tak\u017ce nasz autorski kana\u0142 na youtube (coronaserwis.tv), gdzie w prosty i nieskomplikowany spos\u00f3b nasi eksperci staraj\u0105 si\u0119 wyja\u015bni\u0107 specyfik\u0119 funkcjonowania bran\u017cy i najnowszych rozwi\u0105za\u0144. Zach\u0119camy r\u00f3wnie\u017c do czytania naszego bloga, gdzie znajdziecie Pa\u0144stwo spor\u0105 dawk\u0119 fachowej wiedzy.","inLanguage":"de"},"inLanguage":"de"}]}},"_links":{"self":[{"href":"https:\/\/corona1.eu\/de\/wp-json\/wp\/v2\/pages\/743","targetHints":{"allow":["GET"]}}],"collection":[{"href":"https:\/\/corona1.eu\/de\/wp-json\/wp\/v2\/pages"}],"about":[{"href":"https:\/\/corona1.eu\/de\/wp-json\/wp\/v2\/types\/page"}],"author":[{"embeddable":true,"href":"https:\/\/corona1.eu\/de\/wp-json\/wp\/v2\/users\/1"}],"replies":[{"embeddable":true,"href":"https:\/\/corona1.eu\/de\/wp-json\/wp\/v2\/comments?post=743"}],"version-history":[{"count":2,"href":"https:\/\/corona1.eu\/de\/wp-json\/wp\/v2\/pages\/743\/revisions"}],"predecessor-version":[{"id":746,"href":"https:\/\/corona1.eu\/de\/wp-json\/wp\/v2\/pages\/743\/revisions\/746"}],"wp:featuredmedia":[{"embeddable":true,"href":"https:\/\/corona1.eu\/de\/wp-json\/wp\/v2\/media\/744"}],"wp:attachment":[{"href":"https:\/\/corona1.eu\/de\/wp-json\/wp\/v2\/media?parent=743"}],"wp:term":[{"taxonomy":"category","embeddable":true,"href":"https:\/\/corona1.eu\/de\/wp-json\/wp\/v2\/categories?post=743"},{"taxonomy":"post_tag","embeddable":true,"href":"https:\/\/corona1.eu\/de\/wp-json\/wp\/v2\/tags?post=743"}],"curies":[{"name":"wp","href":"https:\/\/api.w.org\/{rel}","templated":true}]}}