{"id":48,"date":"2025-02-25T09:59:55","date_gmt":"2025-02-25T08:59:55","guid":{"rendered":"https:\/\/corona1.eu\/de\/?page_id=48"},"modified":"2025-02-25T11:14:13","modified_gmt":"2025-02-25T10:14:13","slug":"flammensperren-flamquench-ii-sq","status":"publish","type":"page","link":"https:\/\/corona1.eu\/de\/flammenlose-entlastung-flammensperren\/flammensperren-flamquench-ii-sq\/","title":{"rendered":"FlamQuench II \u200bSQ\u2122\u200b Flammensperren"},"content":{"rendered":"\n<p>Eine der in der Industrie am h\u00e4ufigsten verwendeten L\u00f6sungen zum Schutz von Anlagen ist die Verwendung von Sicherheitsplatten in Kombination mit Flammensperren (flammenlose Entlastung). Die Flammensperre FlamQuench II SQ\u2122 ist eine der Komponenten, die in Kombination mit Sicherheitsplatten verwendet werden k\u00f6nnen. Sie besteht aus einer Reihe von geflochtenen Edelstahlstr\u00e4ngen, die die bei der Oxidationsreaktion entstehende W\u00e4rme absorbieren, so dass Explosionen in geschlossenen R\u00e4umen ohne die Gefahr von Flammen und einer pl\u00f6tzlichen Druckwelle durchgef\u00fchrt werden k\u00f6nnen.<\/p>\n\n\n\n<p><\/p>\n\n\n\n<h3 class=\"wp-block-heading\">Vorteile:<\/h3>\n\n\n\n<ul class=\"wp-block-list\">\n<li>Flammendurchschlagsicherung mit Sicherheitsplatten und Berstsensoren<\/li>\n\n\n\n<li>Explosionsentladung in Innenr\u00e4umen<\/li>\n\n\n\n<li>Macht Dekompressionskan\u00e4le f\u00fcr den Explosionsablass \u00fcberfl\u00fcssig<\/li>\n\n\n\n<li>Hohe Leistung und gro\u00dfe Ausblasfl\u00e4chen<\/li>\n\n\n\n<li>ATEX-Zertifizierung der neuesten Generation bis zu ST3<\/li>\n\n\n\n<li>Einfache Inspektion der Anlagen ohne Demontage<\/li>\n\n\n\n<li>Antistatische Abdeckungen verhindern die Partikelentladung von der Prozessseite und sch\u00fctzen vor Staubablagerungen<\/li>\n<\/ul>\n\n\n\n<p><\/p>\n\n\n\n<figure class=\"wp-block-image size-full\"><img loading=\"lazy\" decoding=\"async\" width=\"907\" height=\"253\" src=\"https:\/\/corona1.eu\/de\/wp-content\/uploads\/2025\/02\/flamquench.png\" alt=\"\" class=\"wp-image-50\" srcset=\"https:\/\/corona1.eu\/de\/wp-content\/uploads\/2025\/02\/flamquench.png 907w, https:\/\/corona1.eu\/de\/wp-content\/uploads\/2025\/02\/flamquench-300x84.png 300w, https:\/\/corona1.eu\/de\/wp-content\/uploads\/2025\/02\/flamquench-768x214.png 768w\" sizes=\"auto, (max-width: 907px) 100vw, 907px\" \/><\/figure>\n\n\n\n<figure class=\"wp-block-image size-large\"><img decoding=\"async\" src=\"https:\/\/www.corona1.eu\/wp-content\/uploads\/2023\/11\/dobrze_dobrany_przerywacz.gif\" alt=\"dzia\u0142anie przerywacza ognia\"\/><\/figure>\n","protected":false},"excerpt":{"rendered":"<p>Eine der in der Industrie am h\u00e4ufigsten verwendeten L\u00f6sungen zum Schutz von Anlagen ist die [&hellip;]<\/p>\n","protected":false},"author":1,"featured_media":57,"parent":66,"menu_order":0,"comment_status":"closed","ping_status":"closed","template":"kg_products_template.php","meta":{"pgc_sgb_lightbox_settings":"","footnotes":""},"categories":[12],"tags":[],"class_list":["post-48","page","type-page","status-publish","has-post-thumbnail","hentry","category-flammensperren"],"yoast_head":"<!-- This site is optimized with the Yoast SEO plugin v27.1.1 - https:\/\/yoast.com\/product\/yoast-seo-wordpress\/ -->\n<title>FlamQuench II \u200bSQ\u2122\u200b Flammensperren - CORONA Serwis<\/title>\n<meta name=\"robots\" content=\"index, follow, max-snippet:-1, max-image-preview:large, max-video-preview:-1\" \/>\n<link rel=\"canonical\" href=\"https:\/\/corona1.eu\/de\/flammenlose-entlastung-flammensperren\/flammensperren-flamquench-ii-sq\/\" \/>\n<meta property=\"og:locale\" content=\"de_DE\" \/>\n<meta property=\"og:type\" content=\"article\" \/>\n<meta property=\"og:title\" content=\"FlamQuench II \u200bSQ\u2122\u200b Flammensperren - CORONA Serwis\" \/>\n<meta property=\"og:description\" content=\"Eine der in der Industrie am h\u00e4ufigsten verwendeten L\u00f6sungen zum Schutz von Anlagen ist die [&hellip;]\" \/>\n<meta property=\"og:url\" content=\"https:\/\/corona1.eu\/de\/flammenlose-entlastung-flammensperren\/flammensperren-flamquench-ii-sq\/\" \/>\n<meta property=\"og:site_name\" content=\"CORONA Serwis\" \/>\n<meta property=\"article:modified_time\" content=\"2025-02-25T10:14:13+00:00\" \/>\n<meta property=\"og:image\" content=\"https:\/\/corona1.eu\/de\/wp-content\/uploads\/2025\/02\/Flamquench-II1-742x720-1-300x291-1.jpg\" \/>\n\t<meta property=\"og:image:width\" content=\"300\" \/>\n\t<meta property=\"og:image:height\" content=\"291\" \/>\n\t<meta property=\"og:image:type\" content=\"image\/jpeg\" \/>\n<meta name=\"twitter:card\" content=\"summary_large_image\" \/>\n<meta name=\"twitter:label1\" content=\"Gesch\u00e4tzte Lesezeit\" \/>\n\t<meta name=\"twitter:data1\" content=\"2\u00a0Minuten\" \/>\n<script type=\"application\/ld+json\" class=\"yoast-schema-graph\">{\"@context\":\"https:\/\/schema.org\",\"@graph\":[{\"@type\":\"WebPage\",\"@id\":\"https:\/\/corona1.eu\/de\/flammenlose-entlastung-flammensperren\/flammensperren-flamquench-ii-sq\/\",\"url\":\"https:\/\/corona1.eu\/de\/flammenlose-entlastung-flammensperren\/flammensperren-flamquench-ii-sq\/\",\"name\":\"FlamQuench II \u200bSQ\u2122\u200b Flammensperren - CORONA Serwis\",\"isPartOf\":{\"@id\":\"https:\/\/corona1.eu\/de\/#website\"},\"primaryImageOfPage\":{\"@id\":\"https:\/\/corona1.eu\/de\/flammenlose-entlastung-flammensperren\/flammensperren-flamquench-ii-sq\/#primaryimage\"},\"image\":{\"@id\":\"https:\/\/corona1.eu\/de\/flammenlose-entlastung-flammensperren\/flammensperren-flamquench-ii-sq\/#primaryimage\"},\"thumbnailUrl\":\"https:\/\/corona1.eu\/de\/wp-content\/uploads\/2025\/02\/Flamquench-II1-742x720-1-300x291-1.jpg\",\"datePublished\":\"2025-02-25T08:59:55+00:00\",\"dateModified\":\"2025-02-25T10:14:13+00:00\",\"breadcrumb\":{\"@id\":\"https:\/\/corona1.eu\/de\/flammenlose-entlastung-flammensperren\/flammensperren-flamquench-ii-sq\/#breadcrumb\"},\"inLanguage\":\"de\",\"potentialAction\":[{\"@type\":\"ReadAction\",\"target\":[\"https:\/\/corona1.eu\/de\/flammenlose-entlastung-flammensperren\/flammensperren-flamquench-ii-sq\/\"]}]},{\"@type\":\"ImageObject\",\"inLanguage\":\"de\",\"@id\":\"https:\/\/corona1.eu\/de\/flammenlose-entlastung-flammensperren\/flammensperren-flamquench-ii-sq\/#primaryimage\",\"url\":\"https:\/\/corona1.eu\/de\/wp-content\/uploads\/2025\/02\/Flamquench-II1-742x720-1-300x291-1.jpg\",\"contentUrl\":\"https:\/\/corona1.eu\/de\/wp-content\/uploads\/2025\/02\/Flamquench-II1-742x720-1-300x291-1.jpg\",\"width\":300,\"height\":291},{\"@type\":\"BreadcrumbList\",\"@id\":\"https:\/\/corona1.eu\/de\/flammenlose-entlastung-flammensperren\/flammensperren-flamquench-ii-sq\/#breadcrumb\",\"itemListElement\":[{\"@type\":\"ListItem\",\"position\":1,\"name\":\"Startseite\",\"item\":\"https:\/\/corona1.eu\/de\/\"},{\"@type\":\"ListItem\",\"position\":2,\"name\":\"Flammenlose Entlastung &#8211; Flammensperren\",\"item\":\"https:\/\/corona1.eu\/de\/flammenlose-entlastung-flammensperren\/\"},{\"@type\":\"ListItem\",\"position\":3,\"name\":\"FlamQuench II \u200bSQ\u2122\u200b Flammensperren\"}]},{\"@type\":\"WebSite\",\"@id\":\"https:\/\/corona1.eu\/de\/#website\",\"url\":\"https:\/\/corona1.eu\/de\/\",\"name\":\"CORONA Serwis\",\"description\":\"\",\"potentialAction\":[{\"@type\":\"SearchAction\",\"target\":{\"@type\":\"EntryPoint\",\"urlTemplate\":\"https:\/\/corona1.eu\/de\/?s={search_term_string}\"},\"query-input\":{\"@type\":\"PropertyValueSpecification\",\"valueRequired\":true,\"valueName\":\"search_term_string\"}}],\"inLanguage\":\"de\"}]}<\/script>\n<!-- \/ Yoast SEO plugin. -->","yoast_head_json":{"title":"FlamQuench II \u200bSQ\u2122\u200b Flammensperren - CORONA Serwis","robots":{"index":"index","follow":"follow","max-snippet":"max-snippet:-1","max-image-preview":"max-image-preview:large","max-video-preview":"max-video-preview:-1"},"canonical":"https:\/\/corona1.eu\/de\/flammenlose-entlastung-flammensperren\/flammensperren-flamquench-ii-sq\/","og_locale":"de_DE","og_type":"article","og_title":"FlamQuench II \u200bSQ\u2122\u200b Flammensperren - CORONA Serwis","og_description":"Eine der in der Industrie am h\u00e4ufigsten verwendeten L\u00f6sungen zum Schutz von Anlagen ist die [&hellip;]","og_url":"https:\/\/corona1.eu\/de\/flammenlose-entlastung-flammensperren\/flammensperren-flamquench-ii-sq\/","og_site_name":"CORONA Serwis","article_modified_time":"2025-02-25T10:14:13+00:00","og_image":[{"width":300,"height":291,"url":"https:\/\/corona1.eu\/de\/wp-content\/uploads\/2025\/02\/Flamquench-II1-742x720-1-300x291-1.jpg","type":"image\/jpeg"}],"twitter_card":"summary_large_image","twitter_misc":{"Gesch\u00e4tzte Lesezeit":"2\u00a0Minuten"},"schema":{"@context":"https:\/\/schema.org","@graph":[{"@type":"WebPage","@id":"https:\/\/corona1.eu\/de\/flammenlose-entlastung-flammensperren\/flammensperren-flamquench-ii-sq\/","url":"https:\/\/corona1.eu\/de\/flammenlose-entlastung-flammensperren\/flammensperren-flamquench-ii-sq\/","name":"FlamQuench II \u200bSQ\u2122\u200b Flammensperren - CORONA Serwis","isPartOf":{"@id":"https:\/\/corona1.eu\/de\/#website"},"primaryImageOfPage":{"@id":"https:\/\/corona1.eu\/de\/flammenlose-entlastung-flammensperren\/flammensperren-flamquench-ii-sq\/#primaryimage"},"image":{"@id":"https:\/\/corona1.eu\/de\/flammenlose-entlastung-flammensperren\/flammensperren-flamquench-ii-sq\/#primaryimage"},"thumbnailUrl":"https:\/\/corona1.eu\/de\/wp-content\/uploads\/2025\/02\/Flamquench-II1-742x720-1-300x291-1.jpg","datePublished":"2025-02-25T08:59:55+00:00","dateModified":"2025-02-25T10:14:13+00:00","breadcrumb":{"@id":"https:\/\/corona1.eu\/de\/flammenlose-entlastung-flammensperren\/flammensperren-flamquench-ii-sq\/#breadcrumb"},"inLanguage":"de","potentialAction":[{"@type":"ReadAction","target":["https:\/\/corona1.eu\/de\/flammenlose-entlastung-flammensperren\/flammensperren-flamquench-ii-sq\/"]}]},{"@type":"ImageObject","inLanguage":"de","@id":"https:\/\/corona1.eu\/de\/flammenlose-entlastung-flammensperren\/flammensperren-flamquench-ii-sq\/#primaryimage","url":"https:\/\/corona1.eu\/de\/wp-content\/uploads\/2025\/02\/Flamquench-II1-742x720-1-300x291-1.jpg","contentUrl":"https:\/\/corona1.eu\/de\/wp-content\/uploads\/2025\/02\/Flamquench-II1-742x720-1-300x291-1.jpg","width":300,"height":291},{"@type":"BreadcrumbList","@id":"https:\/\/corona1.eu\/de\/flammenlose-entlastung-flammensperren\/flammensperren-flamquench-ii-sq\/#breadcrumb","itemListElement":[{"@type":"ListItem","position":1,"name":"Startseite","item":"https:\/\/corona1.eu\/de\/"},{"@type":"ListItem","position":2,"name":"Flammenlose Entlastung &#8211; Flammensperren","item":"https:\/\/corona1.eu\/de\/flammenlose-entlastung-flammensperren\/"},{"@type":"ListItem","position":3,"name":"FlamQuench II \u200bSQ\u2122\u200b Flammensperren"}]},{"@type":"WebSite","@id":"https:\/\/corona1.eu\/de\/#website","url":"https:\/\/corona1.eu\/de\/","name":"CORONA Serwis","description":"","potentialAction":[{"@type":"SearchAction","target":{"@type":"EntryPoint","urlTemplate":"https:\/\/corona1.eu\/de\/?s={search_term_string}"},"query-input":{"@type":"PropertyValueSpecification","valueRequired":true,"valueName":"search_term_string"}}],"inLanguage":"de"}]}},"_links":{"self":[{"href":"https:\/\/corona1.eu\/de\/wp-json\/wp\/v2\/pages\/48","targetHints":{"allow":["GET"]}}],"collection":[{"href":"https:\/\/corona1.eu\/de\/wp-json\/wp\/v2\/pages"}],"about":[{"href":"https:\/\/corona1.eu\/de\/wp-json\/wp\/v2\/types\/page"}],"author":[{"embeddable":true,"href":"https:\/\/corona1.eu\/de\/wp-json\/wp\/v2\/users\/1"}],"replies":[{"embeddable":true,"href":"https:\/\/corona1.eu\/de\/wp-json\/wp\/v2\/comments?post=48"}],"version-history":[{"count":4,"href":"https:\/\/corona1.eu\/de\/wp-json\/wp\/v2\/pages\/48\/revisions"}],"predecessor-version":[{"id":61,"href":"https:\/\/corona1.eu\/de\/wp-json\/wp\/v2\/pages\/48\/revisions\/61"}],"up":[{"embeddable":true,"href":"https:\/\/corona1.eu\/de\/wp-json\/wp\/v2\/pages\/66"}],"wp:featuredmedia":[{"embeddable":true,"href":"https:\/\/corona1.eu\/de\/wp-json\/wp\/v2\/media\/57"}],"wp:attachment":[{"href":"https:\/\/corona1.eu\/de\/wp-json\/wp\/v2\/media?parent=48"}],"wp:term":[{"taxonomy":"category","embeddable":true,"href":"https:\/\/corona1.eu\/de\/wp-json\/wp\/v2\/categories?post=48"},{"taxonomy":"post_tag","embeddable":true,"href":"https:\/\/corona1.eu\/de\/wp-json\/wp\/v2\/tags?post=48"}],"curies":[{"name":"wp","href":"https:\/\/api.w.org\/{rel}","templated":true}]}}